{"id":37,"date":"2023-09-18T15:23:05","date_gmt":"2023-09-18T13:23:05","guid":{"rendered":"https:\/\/portal.kre.hu\/dndipvac2024\/?page_id=37"},"modified":"2024-06-05T21:57:57","modified_gmt":"2024-06-05T19:57:57","slug":"abstracts","status":"publish","type":"page","link":"https:\/\/portal.kre.hu\/dndipvac2024\/index.php\/abstracts\/","title":{"rendered":"Abstracts"},"content":{"rendered":"\n<h2 class=\"wp-block-heading\">Abstracts<\/h2>\n\n\n\n<p><strong>Plenary Talks<\/strong><\/p>\n\n\n\n<div class=\"wp-block-media-text is-stacked-on-mobile\" style=\"grid-template-columns:16% auto\"><figure class=\"wp-block-media-text__media\"><img loading=\"lazy\" decoding=\"async\" width=\"1024\" height=\"684\" src=\"https:\/\/portal.kre.hu\/dndipvac2024\/wp-content\/uploads\/2023\/10\/DISKIN-HOLDAWAY_Chloe-1024x684.jpg\" alt=\"\" class=\"wp-image-191 size-full\" srcset=\"https:\/\/portal.kre.hu\/dndipvac2024\/wp-content\/uploads\/2023\/10\/DISKIN-HOLDAWAY_Chloe-1024x684.jpg 1024w, https:\/\/portal.kre.hu\/dndipvac2024\/wp-content\/uploads\/2023\/10\/DISKIN-HOLDAWAY_Chloe-300x200.jpg 300w, https:\/\/portal.kre.hu\/dndipvac2024\/wp-content\/uploads\/2023\/10\/DISKIN-HOLDAWAY_Chloe-768x513.jpg 768w, https:\/\/portal.kre.hu\/dndipvac2024\/wp-content\/uploads\/2023\/10\/DISKIN-HOLDAWAY_Chloe-1536x1025.jpg 1536w, https:\/\/portal.kre.hu\/dndipvac2024\/wp-content\/uploads\/2023\/10\/DISKIN-HOLDAWAY_Chloe-2048x1367.jpg 2048w\" sizes=\"auto, (max-width: 1024px) 100vw, 1024px\" \/><\/figure><div class=\"wp-block-media-text__content\">\n<p><b><span style=\"color:black\">NAME:<\/span><\/b><span style=\"color:black\"> Chlo\u00e9 DISKIN-HOLDAWAY&nbsp;<\/span><\/p>\n\n\n\n<p><b><span style=\"color:black\">INSTITUTION:<\/span><\/b><span style=\"color:black\"> The University of Melbourne, Australia&nbsp;<\/span><\/p>\n\n\n\n<details>\n<summary><strong>SHORT BIOGRAPHY:<\/strong><\/summary>\nShe is Associate Professor in Applied Linguistics in the School of Languages and Linguistics of the University of Melbourne. Her research areas are sociolinguistics, second language acquisition, discourse-pragmatic variation, language attitudes and ideologies, and discourse analysis, with special focus on the sociolinguistics of migration and globalization. She is current chair of the Discourse-Pragmatic Variation and Change (DiPVaC) Research Network.\n<\/details>\n\n\n\n<div style=\"height:30px\" aria-hidden=\"true\" class=\"wp-block-spacer\"><\/div>\n\n\n\n<p><b><span style=\"color:black\">TITLE:<\/span><\/b><span style=\"color:black\"> Integrating phonetics and discourse-pragmatic variation: the case of just<\/span><\/p>\n\n\n\n<details>\n<summary><strong>ABSTRACT:<\/strong><\/summary>\nDiscourse-pragmatic markers (DPMs) are commonly studied as lemmas, with much focus on their distributional and functional patterns (see e.g., Beeching 2016; Pichler 2016; Peterson et al. 2022) and comparatively less attention paid to their phonetic realization. Notable exceptions include Drager (2011), who found that quotative versus non-quotative like had different phonetic realizations, and Tamminga (2014), who found that function word like (including DPM like) was more advanced in a sound change in \/ai\/ than like as a lexical verb. These findings suggest that grammaticalization processes may be implicated in phonetic variation or sound change.\n<br \/><br \/>\nThis paper presents findings from recent collaborative work on just in Australian (AusE) and New Zealand English (NZE) from my work with the Canberra Corpus Collective (see e.g., CCC 2019). We aim to investigate whether discourse-pragmatic change in just has proceeded in line with, or independently, of a sound change in AusE and NZE, whereby the vowel in STRUT has become more like the vowel in KIT. We extract over 11,000 tokens of just from the Origins of New Zealand English (ONZE) Corpus (Gordon, Maclagan, &#038; Hay 2007) and the Sydney Speaks corpus (e.g., Grama, Travis &#038; Gonzalez Ochoa 2021) which include 722 speakers with years of birth ranging from the 1850s to the 2000s. \n<br \/><br \/>\nWe find that the youngest speakers in the corpora have higher frequencies of just overall. They also have high proportions of just like, just sort of and just because (see also Bender &#038; Kathol 2001) \u2013 collocates that are absent among the older speakers. The findings align with a parallel phonetic analysis showing that these \u2018newer\u2019 collocational uses are more likely to be implicated in the sound change than STRUT vowels found in other lemmas. This shows that words such as just that have expansive functions and have undergone extensive grammaticalization may have different phonetic profiles that can shed light on variation and change.\n<br \/><br \/>\n<\/details>\n\n\n\n<details>\n<summary><strong>REFERENCES:<\/strong><\/summary>\nBeeching, K. (2016). Pragmatic Markers in British English: Meaning in Social Interaction. Cambridge University Press.<br \/>\nBender, E., &#038; Kathol, A. (2001). Constructional effects of just because . . . doesn&#8217;t mean . . .  Annual Meeting of the Berkeley Linguistics Society 27(1), 13-26.<br \/>\nCanberra Corpus Collective \u2013 CCC (2019) [Diskin, C., J. Hay, K. Drager, P. Foulkes, K. Gnevsheva, J. Grama, J. Brand, C. Travis, D. Loakes, G. Docherty, E. Sheard, and S. Gonzalez] The emergence of the discourse-pragmatic marker \u2018just\u2019: linking changes in usage to changes in pronunciation. Presented at the Linguistic Society of New Zealand conference, Christchurch, New Zealand.<br \/>\nDrager, K. K. (2011). Sociophonetic variation and the lemma. Journal of Phonetics, 39(4), 694-707.<br \/>\nGrama, J., Travis, C., &#038; Gonzalez Ochoa, S. (2021). Ethnic variation in real time: Change in Australian English diphthongs. In H. Van de Velde, N.H.  Hilton and R. Knooihuizen (Eds.), Language Variation &#038; European Perspectives VIII (pp. 292-314). John Benjamins.<br \/>\nGordon E., Maclagan M., Hay J. (2007). The ONZE corpus. In Beal J.C., Corrigan K.P., Moisl H.L. (Eds.) Creating and digitizing language corpora (pp.82-104). Palgrave Macmillan.<br \/>\nPeterson, E., Hiltunen, T., &#038; Kern, J. (Eds.). (2022). Discourse-Pragmatic Variation and Change: Theory, Innovations, Contact. Cambridge University Press. <br \/>\nPichler, H. (2016). Discourse-pragmatic variation and change in English: New methods and insights. Cambridge University Press.<br \/>\nTamminga, M. (2014). Sound change without frequency effects: Ramifications for phonological theory. Proceedings of the 31st West Coast Conference on Formal Linguistics, ed. R. E. Santana-LaBarge, 457-465. Cascadilla Proceedings Project.\n<br \/>\n<\/details>\n\n\n\n<details>\n<summary><strong>RECENT PUBLICATIONS:<\/strong><\/summary>\n<\/details>\n<\/div><\/div>\n\n\n\n<div class=\"wp-block-media-text is-stacked-on-mobile\" style=\"grid-template-columns:16% auto\"><figure class=\"wp-block-media-text__media\"><img loading=\"lazy\" decoding=\"async\" width=\"388\" height=\"388\" src=\"https:\/\/portal.kre.hu\/dndipvac2024\/wp-content\/uploads\/2023\/10\/Kontra_Miklos.jpg\" alt=\"\" class=\"wp-image-196 size-full\" srcset=\"https:\/\/portal.kre.hu\/dndipvac2024\/wp-content\/uploads\/2023\/10\/Kontra_Miklos.jpg 388w, https:\/\/portal.kre.hu\/dndipvac2024\/wp-content\/uploads\/2023\/10\/Kontra_Miklos-300x300.jpg 300w, https:\/\/portal.kre.hu\/dndipvac2024\/wp-content\/uploads\/2023\/10\/Kontra_Miklos-150x150.jpg 150w\" sizes=\"auto, (max-width: 388px) 100vw, 388px\" \/><\/figure><div class=\"wp-block-media-text__content\">\n<p><b><span style=\"color:black\">NAME:<\/span><\/b><span style=\"color:black\"> Mikl\u00f3s KONTRA<\/span><\/p>\n\n\n\n<p><b><span style=\"color:black\">INSTITUTION:<\/span><\/b><span style=\"color:black\"> &nbsp;<\/span>K\u00e1roli G\u00e1sp\u00e1r University of the Reformed Church in Hungary<\/p>\n\n\n\n<details>\n<summary><strong>SHORT BIOGRAPHY:<\/strong><\/summary>\n<\/details>\n\n\n\n<div style=\"height:30px\" aria-hidden=\"true\" class=\"wp-block-spacer\"><\/div>\n\n\n\n<p><b><span style=\"color:black\">TITLE:<\/span><\/b><span style=\"color:black\"> <\/span>The life and difficult death of the mother-tongue question as a means of linguistic genocide in Hungary<\/p>\n\n\n\n<p class=\"has-text-align-right\"><em>In memory of<br>Tove Skutnabb-Kangas (1940\u20132023)<\/em><\/p>\n\n\n\n<details>\n<summary><strong>ABSTRACT:<\/strong><\/summary>\n<em>In memory of Tove Skutnabb-Kangas (1940\u20132023)<\/em><br \/><br \/>\nBased on the United Nations\u2019 preparatory work for the Genocide Convention (1948), Skutnabb-Kangas (2000: 311\u2013318) defined linguistic genocide as killing a language without killing its speakers (as in physical genocide) or (through passivity) letting a language die. For decades before the 2022 census, the Hungarian Central Statistical Office used a mother-tongue question which collapsed Romani-speakers and Boyash-speakers as <em>cig\u00e1nyok<\/em> \u2018Gypsy language speakers\u2019. The Census Bureau thus effectively invisibilized both the Romani- and the Boyash-speakers (over 50 000 adults), which is the worst case of linguistic genocide in Hungary (Kontra 2019: 102\u2013106). <br \/>\n\tIn agreement with Eckert (2000: 74), who urged (socio)linguists to discover meanings, rather than presuppose them, I will analyze the various meanings of the term <em>anyanyelv<\/em> \u2018mother-tongue\u2019 as used in a Hungarian encyclopedia (1936), four important Hungarian dictionaries, and the Census Bureau \u2013 contrasting them with <em>mother tongue<\/em> as defined by Skutnabb-Kangas (2000: 105 ff.), using the criteria of origin, identification, competence, and function. I will also show the similarities and important dissimilarities in the meanings of <em>anyanyelv<\/em> as used by Croatia-Hungarians and Hungary-Hungarians. Apart from the lessons of linguistic racism (May 2023), this story shows how intentional linguistic manipulation can thrive for decades.\n<br \/>\n<br \/>\n<\/details>\n\n\n\n<details>\n<summary><strong>REFERENCES:<\/strong><\/summary>\n<p>Eckert, Penelope 2000. <em>Linguistic variation as social practice<\/em>. Oxford: Blackwell.<br \/>Kontra, Mikl\u00f3s 2019. <em>Felel\u0151s nyelv\u00e9szet<\/em>. Budapest: Gondolat Kiad\u00f3.<br \/>\u00a0\u00a0\u00a0\u00a0\u00a0\u00a0\u00a0\u00a0 <span><a href=\"https:\/\/mek.oszk.hu\/22400\/22434\/22434.pdf\">https:\/\/mek.oszk.hu\/22400\/22434\/22434.pdf<br \/><\/a><\/span>May, Stephen 2023. Linguistic racism: Origins and implications. <em>Ethnicities<\/em>, Volume\u00a023<span>,\u00a0<\/span>Issue\u00a05: 651\u2013661.<br \/>\u00a0\u00a0\u00a0\u00a0\u00a0\u00a0\u00a0\u00a0 <span><a href=\"https:\/\/journals.sagepub.com\/doi\/epub\/10.1177\/14687968231193072\">https:\/\/journals.sagepub.com\/doi\/epub\/10.1177\/14687968231193072<br \/><\/a><\/span>Skutnabb-Kangas, Tove 2000. <em>Linguistic Genocide in Education \u2013 or Worldwide Diversity and Human Rights? <\/em>Mahwah, N.J.: Lawrence Erlbaum.<\/p>\n<\/details>\n\n\n\n<details>\n<summary><strong>RECENT PUBLICATIONS:<\/strong><\/summary>\n<\/details>\n<\/div><\/div>\n\n\n\n<div class=\"wp-block-media-text is-stacked-on-mobile\" style=\"grid-template-columns:16% auto\"><figure class=\"wp-block-media-text__media\"><img loading=\"lazy\" decoding=\"async\" width=\"814\" height=\"814\" src=\"https:\/\/portal.kre.hu\/dndipvac2024\/wp-content\/uploads\/2023\/10\/STEDE_Manfred.jpg\" alt=\"\" class=\"wp-image-186 size-full\" srcset=\"https:\/\/portal.kre.hu\/dndipvac2024\/wp-content\/uploads\/2023\/10\/STEDE_Manfred.jpg 814w, https:\/\/portal.kre.hu\/dndipvac2024\/wp-content\/uploads\/2023\/10\/STEDE_Manfred-300x300.jpg 300w, https:\/\/portal.kre.hu\/dndipvac2024\/wp-content\/uploads\/2023\/10\/STEDE_Manfred-150x150.jpg 150w, https:\/\/portal.kre.hu\/dndipvac2024\/wp-content\/uploads\/2023\/10\/STEDE_Manfred-768x768.jpg 768w\" sizes=\"auto, (max-width: 814px) 100vw, 814px\" \/><\/figure><div class=\"wp-block-media-text__content\">\n<p><b><span style=\"color:black\">NAME:<\/span><\/b><span style=\"color:black\"> Manfred STEDE&nbsp;<\/span><\/p>\n\n\n\n<p><b><span style=\"color:black\">INSTITUTION:<\/span><\/b><span style=\"color:black\"> University of Potsdam\/Germany&nbsp;<\/span><\/p>\n\n\n\n<details>\n<summary><strong>SHORT BIOGRAPHY:<\/strong><\/summary>\nProfessor of applied computational linguistics at Potsdam University. His research areas are discourse structure and automatic text understanding, currently with special focus on social sciences. Ongoing projects deal with rhetorical aspects of argumentation, the automatic evaluation of argumentative student essays, and the examination of conflict development in the UN Security Council.\n<br \/><br \/>\nHe studied Computer Science and Linguistics at TU Berlin 1985-89; M.Sc. in Computer Science, Purdue Univ.\/Indiana, 1990; PhD at Univ. of Toronto Computer Science, 1996; Research assistant in Computational Linguistics projects at TU 1995-2001; since 2001, professor at Potsdam University.\n<\/details>\n\n\n\n<div style=\"height:30px\" aria-hidden=\"true\" class=\"wp-block-spacer\"><\/div>\n\n\n\n<p><b><span style=\"color:black\">TITLE:<\/span><\/b><span style=\"color:black\"> Climate Change in Politics: The Case of the German Bundestag<\/span><\/p>\n\n\n\n<details>\n<summary><strong>ABSTRACT:<\/strong><\/summary>\nClimate change is a topic that by now has become almost a constant in the political discourse in many societies. In my talk, I will discuss the communication about climate done by German members of parliament in the period 2017-2021. We assembled a corpus from three sources: The Tweets delivered by the politicians; the speeches given in the Bundestag; and the official press releases issued by the parliamentary groups (factions). All material was filtered for the climate change topic. We study the differences in opinions and arguments on the three channels, as well as the developments over time, and also take a look at the behavior of &#8222;the public&#8221; in the same time period, using Google Trends as a proxy for the changing popularity of relevant terms.<br \/>\n<\/details>\n\n\n\n<details>\n<summary><strong>RECENT PUBLICATIONS:<\/strong><\/summary>\n<\/details>\n<\/div><\/div>\n\n\n\n<p><strong>Regular Talks<\/strong><\/p>\n\n\n\n<div class=\"wp-block-media-text is-stacked-on-mobile\" style=\"grid-template-columns:16% auto\"><figure class=\"wp-block-media-text__media\"><img loading=\"lazy\" decoding=\"async\" width=\"300\" height=\"271\" src=\"https:\/\/portal.kre.hu\/dndipvac2024\/wp-content\/uploads\/2024\/03\/der-csilla.jpg\" alt=\"\" class=\"wp-image-268 size-full\"\/><\/figure><div class=\"wp-block-media-text__content\">\n<p><b><span style=\"color:black\">NAME:<\/span><\/b><span style=\"color:black\"> Csilla D<\/span>\u00c9R<\/p>\n\n\n\n<p><b><span style=\"color:black\">INSTITUTION:<\/span><\/b><span style=\"color:black\"> <\/span>K\u00e1roli G\u00e1sp\u00e1r University of the Reformed Church in Hungary<\/p>\n\n\n\n<details>\n<summary><strong>SHORT BIOGRAPHY:<\/strong><\/summary>\nCsilla Ilona D\u00c9R is habilitated associate professor at the Department of Hungarian Linguistics, K\u00e1roli G\u00e1sp\u00e1r University of the Reformed Church, and (co-)founder and (co-)leader of the Research Group in Pragmatics. She also works as a senior research fellow at the HUN-REN Hungarian Research Centre for Linguistics. \n<br \/><br \/>\nHer main research interests are the synchronic and diachronic description of discourse markers and independent clauses in Hungarian and the pragmatics of spontaneous spoken language.\n<\/details>\n\n\n\n<div style=\"height:30px\" aria-hidden=\"true\" class=\"wp-block-spacer\"><\/div>\n\n\n\n<p><b><span style=\"color:black\">TITLE:<\/span><\/b><span style=\"color:black\"> Variations of independent (insubordinate) clauses with metalinguistic function in Hungarian<\/span><\/p>\n\n\n\n<details>\n<summary><strong>ABSTRACT:<\/strong><\/summary>\nIn many languages of the world, independent (insubordinate) clauses can have a metalinguistic function.<\/span> <span>These constructions \u201care used to make comments or to provide<\/span> explanations on the content of certain stretches of discourse\u201d (Lastres-L\u00f3pez 2020: 75), <span>among which we will analyze the ones referring to the language activity itself. In Hungarian, there are such clauses both among complement (1) and conditional insubordinate clauses (2), but their detailed description has not yet been done:<br \/><\/span>(1) <em>Ariadn\u00e9m, <strong>hogy \u00a0\u00a0 finoman\u00a0\u00a0\u00a0\u00a0\u00a0\u00a0\u00a0\u00a0\u00a0 fejezzem\u00a0\u00a0\u00a0\u00a0\u00a0\u00a0\u00a0\u00a0\u00a0 ki \u00a0\u00a0\u00a0\u00a0\u00a0\u00a0\u00a0 magam<\/strong>,<br \/>\u00a0\u00a0\u00a0\u00a0\u00a0\u00a0\u00a0\u00a0\u00a0\u00a0\u00a0\u00a0\u00a0\u00a0\u00a0\u00a0\u00a0\u00a0\u00a0\u00a0\u00a0\u00a0\u00a0 <\/em>that \u00a0\u00a0\u00a0\u00a0 midly\u00a0\u00a0\u00a0\u00a0\u00a0\u00a0\u00a0\u00a0\u00a0\u00a0\u00a0\u00a0\u00a0\u00a0 express\u00a0\u00a0\u00a0\u00a0\u00a0\u00a0\u00a0\u00a0\u00a0\u00a0\u00a0 vpfx\u00a0\u00a0\u00a0 myself.Acc<\/p>\n<p><em>az az\u00f3ta eltelt t\u00f6bb mint k\u00e9t h\u00e9tben fokozta az iramot. <\/em>(MNSz2, #2477864, doc#114, lit)<br \/>\u2019Ariadne, <strong>to put it mildly<\/strong>, has picked up the pace in the more than two weeks since then\u2019<\/p>\n<p>(2) <em>Veszek egy pisztolyt. V\u00e9g\u00fcl is \u2013 \u00a0\u00a0 <strong>ha \u00a0\u00a0\u00a0\u00a0\u00a0\u00a0 m\u00e1r \u00a0\u00a0\u00a0 \u00a0\u00a0\u00a0\u00a0\u00a0\u00a0\u00a0\u00a0\u00a0\u00a0\u00a0 itt \u00a0\u00a0\u00a0\u00a0\u00a0\u00a0\u00a0 tartunk<\/strong> \u2013,<br \/><\/em>\u00a0\u00a0\u00a0\u00a0\u00a0\u00a0\u00a0\u00a0\u00a0\u00a0\u00a0 \u00a0\u00a0\u00a0\u00a0\u00a0\u00a0\u00a0\u00a0\u00a0\u00a0\u00a0\u00a0\u00a0\u00a0\u00a0\u00a0\u00a0\u00a0\u00a0\u00a0\u00a0\u00a0\u00a0\u00a0\u00a0\u00a0\u00a0\u00a0\u00a0\u00a0\u00a0\u00a0\u00a0\u00a0\u00a0\u00a0\u00a0\u00a0 if\u00a0\u00a0\u00a0\u00a0\u00a0\u00a0\u00a0\u00a0\u00a0 already\u00a0\u00a0\u00a0\u00a0\u00a0\u00a0\u00a0\u00a0\u00a0\u00a0\u00a0 here\u00a0\u00a0\u00a0\u00a0 be.Ind.Prs.Pl1<\/p>\n<p><em>vesz\u00e9lyeztetett lenn\u00e9k, mert az \u00fajs\u00e1g\u00edr\u00f3kat biztos sokan vesz\u00e9lyeztetik<\/em>\u00a0(MNSz2, #133906500,doc#1045, press)<br \/>\u2019I&#8217;ll buy a gun. After all, <strong>speaking of which<\/strong>, I would be at risk, because journalists are certainly endangered by many people\u2019<br \/><span>Corpus analyzes are performed on the 1.5 million word database of MNSz2 (Hungarian Gigaword Corpus) in six subcorpora (written and spoken press, literature, official, scientific, personal).<\/span> <span>We use two types of methods:<br \/>1) We examine the independent clauses starting with <em>Hogy<\/em> \u2018that\u2019 and <em>Ha<\/em> \u2018if\u2019 in the random sample of 500 hits containing any form (both finite and non-finite versions) of the following verbs of saying: <em>mond<\/em> &#8216;to speak&#8217;, <em>besz\u00e9l<\/em> &#8216;to speak&#8217;, <em>k\u00e9rdez<\/em> \u2018to ask\u2019,<br \/><em>v\u00e1laszol<\/em> \u2018to answer\u2019, <em>felel<\/em> \u2018to answer&#8217;, <em>\u00f6sszefoglal<\/em> \u2018to sum up\u2019, <em>fogalmaz<\/em> &#8216;to formulate&#8217;.<br \/>2) Using a special CQL query (based on the hypothesis that most insubordinate sentences are usually short in Hungarian), we search for metalinguistic insubordinate clauses \u2013 containing 4, 5 or 6 words after the conjunctions \u2013 in the whole material of MNSz2.<br \/>We seek answers to the following questions:<\/span><\/p>\n<ul>\n<li><span> <\/span><span>In what formal variants do the insubordinate clauses appear?<\/span> <span>What are the mandatory and optional elements (e.g. verb mode, particles)?<\/span> <span>What are the most typical formulaic uses? <\/span><\/li>\n<li><span> <\/span><span>In which positions are these independent clauses used (are they more frequent at the end of the statement, cf. Kaltenb\u00f6ck \u2013 Keizer 2022: 679)?<\/span><\/li>\n<li><span>What are the non-insubordinated formal and functional variants (3) of the independent clauses (4) containing the given verb of saying, and what frequency distribution do they show compared to each other?<\/span> <span>What can be concluded from the existence of these variants regarding the degree of pragmaticization of the subordinate clause?<\/span><\/li>\n<\/ul>\n<p>(3) <em>A &#8216; 99-es koncepci\u00f3t, \u00a0\u00a0\u00a0\u00a0\u00a0\u00a0 <strong>ha \u00a0\u00a0\u00a0\u00a0\u00a0\u00a0 r\u00f6viden \u00a0\u00a0\u00a0\u00a0\u00a0\u00a0\u00a0\u00a0\u00a0 akarok \u00a0\u00a0\u00a0\u00a0\u00a0\u00a0\u00a0\u00a0\u00a0\u00a0 \u00a0\u00a0\u00a0\u00a0\u00a0\u00a0\u00a0\u00a0\u00a0\u00a0\u00a0 fogalmazni,<br \/><\/strong><\/em><strong><em>\u00a0\u00a0\u00a0\u00a0\u00a0\u00a0\u00a0\u00a0\u00a0\u00a0\u00a0\u00a0\u00a0\u00a0\u00a0\u00a0\u00a0\u00a0\u00a0\u00a0\u00a0\u00a0\u00a0\u00a0\u00a0\u00a0\u00a0\u00a0\u00a0\u00a0\u00a0\u00a0\u00a0\u00a0\u00a0\u00a0\u00a0\u00a0\u00a0\u00a0\u00a0\u00a0\u00a0 <\/em><\/strong>if\u00a0\u00a0\u00a0\u00a0\u00a0\u00a0\u00a0\u00a0\u00a0 briefly\u00a0\u00a0\u00a0\u00a0\u00a0\u00a0\u00a0\u00a0\u00a0\u00a0\u00a0\u00a0 want.Ind.Prs.Sg1\u00a0\u00a0\u00a0\u00a0\u00a0 compose.inf<\/p>\n<p><strong><em>akkor \u00fagy \u00a0\u00a0\u00a0\u00a0 tudom \u00a0\u00a0\u00a0\u00a0\u00a0\u00a0\u00a0\u00a0\u00a0\u00a0\u00a0 \u00a0\u00a0\u00a0\u00a0\u00a0\u00a0\u00a0\u00a0\u00a0\u00a0\u00a0 jellemezni \u00a0\u00a0\u00a0\u00a0\u00a0 \u00a0\u00a0\u00a0\u00a0\u00a0\u00a0\u00a0\u00a0\u00a0\u00a0\u00a0 a \u00a0\u00a0\u00a0\u00a0\u00a0\u00a0\u00a0\u00a0 magam \u00a0\u00a0\u00a0\u00a0\u00a0\u00a0\u00a0\u00a0\u00a0\u00a0 <\/em><\/strong><br \/>then\u00a0\u00a0\u00a0\u00a0 so\u00a0\u00a0\u00a0\u00a0\u00a0\u00a0\u00a0 know.Ind.Prs.Sg1\u00a0\u00a0\u00a0\u00a0\u00a0\u00a0 characterize.inf \u00a0\u00a0\u00a0\u00a0\u00a0\u00a0\u00a0\u00a0\u00a0 the\u00a0\u00a0\u00a0\u00a0\u00a0\u00a0 myself<br \/><strong><em>sz\u00e1m\u00e1ra \u00a0\u00a0\u00a0\u00a0\u00a0\u00a0\u00a0\u00a0 \u00e9s \u00a0\u00a0\u00a0\u00a0\u00a0\u00a0\u00a0 hangosan,<br \/><\/em><\/strong>for<em>\u00a0\u00a0\u00a0\u00a0\u00a0\u00a0\u00a0\u00a0\u00a0\u00a0\u00a0\u00a0\u00a0\u00a0\u00a0\u00a0\u00a0\u00a0 <\/em>and\u00a0\u00a0\u00a0\u00a0\u00a0 loudly<br \/><em>hogy a k\u00e9rd\u00e9sfeltev\u00e9sek befejezetlen koncepci\u00f3ja.<\/em> (MNSz2, #54009629,doc#901, official)<br \/>\u2019The concept of &#8217;99, <strong>if I want to put it briefly,<\/strong> <strong>[then]<\/strong> <strong>I can describe it to myself and out loud<\/strong> as an unfinished concept of questioning.\u2019<br \/>(4) <em>A Vill\u00e1m g\u00e9ppusk\u00e1k befagytak a nagy orosz t\u00e9lben, ezek sohasem mondtak cs\u0151d\u00f6t.<br \/><\/em><strong><em>Ha \u00a0\u00a0\u00a0\u00a0\u00a0 fennk\u00f6lten \u00a0\u00a0\u00a0\u00a0 akarok \u00a0\u00a0\u00a0\u00a0\u00a0\u00a0\u00a0\u00a0\u00a0\u00a0\u00a0\u00a0\u00a0\u00a0\u00a0\u00a0\u00a0\u00a0\u00a0\u00a0\u00a0\u00a0 fogalmazni:<br \/><\/em><\/strong>if\u00a0\u00a0\u00a0\u00a0\u00a0\u00a0\u00a0\u00a0\u00a0 loftily\u00a0\u00a0\u00a0\u00a0\u00a0\u00a0\u00a0\u00a0\u00a0\u00a0\u00a0\u00a0\u00a0\u00a0 want.Ind.Prs.Sg1\u00a0\u00a0\u00a0\u00a0\u00a0 compose.Inf<br \/><em>a h\u00e1bor\u00fakat egyszer\u0171 fegyverekkel \u00e9s tiszta c\u00e9lokkal szokt\u00e1k megnyerni.<\/em> (MNSz2, #29188405,doc#529, literature)<br \/>\u2019The Vill\u00e1m machine guns froze up in the big Russian winter, [but] these never failed. <strong>If I want to put it exaltedly, <\/strong>they win the wars with plain weapons and clear aims\u2019<br \/>According to our assumptions, in comparison to non-independent forms, insubordinated clause variants appear in less formal registers (dialogues of fiction texts, written spoken language), but prefer the left periphery (initial) position, as non-independent forms do.<\/p>\n<\/details>\n\n\n\n<details>\n<summary><strong>REFERENCES:<\/strong><\/summary>\nKaltenb\u00f6ck, Gunther, Keizer, Evelien 2022. Insubordinate <em>if<\/em>-clauses in FDG: Degrees of independence. <em>Open Linguistics <\/em>8: 675\u2013698.<br \/>Lastres-L\u00f3pez, Cristina 2020. Beyond conditionality: On the pragmaticalization of interpersonal <em>if<\/em>-constructions in English conversation. <em>Journal of Pragmatics <\/em>157: 68\u201383.<br \/>MNSz2 = Magyar Nemzeti Sz\u00f6vegt\u00e1r 2. [Hungarian Gigaword Corpus] <a href=\"https:\/\/clara.nytud.hu\/mnsz2-dev\/\">https:\/\/clara.nytud.hu\/mnsz2-dev\/<\/a>\n<\/details>\n\n\n\n<details>\n<summary><strong>RECENT PUBLICATIONS:<\/strong><\/summary>\n<a href=\"https:\/\/authors.elsevier.com\/a\/1gjtx1L-nhTajf\">D\u00e9r, Csilla Ilona 2023. Types and functions of insubordinate complement clauses with hogy \u2018that\u2019 in Hungarian.\u00a0<em>Journal of Pragmatics<\/em>\u00a0208: 115-137.<\/a><br \/>\nKrepsz, Val\u00e9ria \u2014 Horv\u00e1th, Vikt\u00f3ria \u2014 H\u00e1mori, \u00c1gnes \u2014 Gyarmathy, Dorottya \u2014 D\u00e9r, Csilla Ilona 2022.\u00a0<a href=\"https:\/\/journals.pan.pl\/dlibra\/publication\/141220\/edition\/124225\/content\">Backchannel responses in Hungarian conversations: a corpus-based study on the effect of the partner\u2019s age and gender<\/a>.\u00a0<em>Linguistica Silesiana<\/em>\u00a043: 113\u2013140.\n<\/details>\n<\/div><\/div>\n\n\n\n<div class=\"wp-block-media-text is-stacked-on-mobile\" style=\"grid-template-columns:16% auto\"><figure class=\"wp-block-media-text__media\"><img loading=\"lazy\" decoding=\"async\" width=\"350\" height=\"339\" src=\"https:\/\/portal.kre.hu\/dndipvac2024\/wp-content\/uploads\/2024\/04\/Jana-Pflaeging.jpg\" alt=\"\" class=\"wp-image-359 size-full\" srcset=\"https:\/\/portal.kre.hu\/dndipvac2024\/wp-content\/uploads\/2024\/04\/Jana-Pflaeging.jpg 350w, https:\/\/portal.kre.hu\/dndipvac2024\/wp-content\/uploads\/2024\/04\/Jana-Pflaeging-300x291.jpg 300w\" sizes=\"auto, (max-width: 350px) 100vw, 350px\" \/><\/figure><div class=\"wp-block-media-text__content\">\n<p><b><span style=\"color:black\">NAME:<\/span><\/b><span style=\"color:black\"> Jana Pflaeging<strong>&nbsp;<\/strong><\/span><\/p>\n\n\n\n<p><b><span style=\"color:black\">INSTITUTION:<\/span><\/b><span style=\"color:black\"> <\/span>University of Salzburg&nbsp;<span style=\"color:black\">&nbsp;<\/span><\/p>\n\n\n\n<details>\n<summary><strong>SHORT BIOGRAPHY:<\/strong><\/summary>\nJana Pflaeging is a post-doctoral researcher in English and applied linguistics at the Department of English and American Studies at Salzburg University. Her research interests are in variationist sociolinguistics as well as in multimodal genre studies and text\/discourse linguistics.\n<\/details>\n\n\n\n<div style=\"height:30px\" aria-hidden=\"true\" class=\"wp-block-spacer\"><\/div>\n\n\n\n<p><b><span style=\"color:black\">TITLE:<\/span><\/b><span style=\"color:black\"> Awareness and Sociolinguistic Monitoring: Comparing (ing), (t), Like, You Know and Pauses<\/span><\/p>\n\n\n\n<details>\n<summary><strong>ABSTRACT:<\/strong><\/summary>\nSociolinguistic monitoring is hypothesised to be a cognitive mechanism that tracks the speech signal for socially meaningful cues of variable features and monitors their frequency (Labov et al. 2011). Ideas about the monitor have been most widely tested in perception \u2013 in form of the matched-guise test in which the frequency of target features is manipulated, e.g. (ing) as -ing or -in. Labov et al. (2011) found speakers to be heard as more unprofessional with increasing numbers of \u2013in. Further work in this paradigm has found listeners\u2019 age (Labov et al. 2011), gender\/sex (Stecker 2020) and pragmatic language ability (Wagner &amp; Hesson 2014) as well as variable type (Levon &amp; Buchstaller 2015) and the variable\u2019s social salience (Levon &amp; Fox 2014) to impact evaluation.<br \/><br \/>\nIn this study, we continue exploring the workings of speech monitoring by focusing on the factor of awareness of the attitude target and the type of variable. In particular, we ask whether the evaluation we observe in (ing) and (t)-deletion is similar to the evaluation of speech planning features, e.g. filled and unfilled pauses (see Fruehwald 2016), and the discourse-pragmatic markers you know and like. The study includes 600 respondents in England (100 per variable), who were recruited via Prolific. Similar to Labov et al.\u2019s original design, participants rated seven versions of the same news report with varying frequencies of either (ing)- and (t)-variants, you know, like, um or unfilled pauses on a professionalism-scale. Guises were based on one speaker and one text and differed only in the occurrence of a given feature. The survey also assessed whether participants became aware that a respective variable had been manipulated.\n<br \/><br \/>Our results indicate different distributions for (ing) and (t) as opposed to the pragmatic markers and speech-planning features. An increase in token numbers of you know, like, um and pauses elicited lower professionalism ratings. This suggests that the monitoring mechanism may be extended to features other than phonological, sociolinguistic variables. In line with Levon &amp; Fox\u2019s (2014) findings for (ing) in the UK, varying frequencies of (ing) and (t)-deletion did not prompt evaluation differences overall. However, participants who realised that (ing) had been manipulated did evaluate guises with more apical variants as less professional. In fact, this response pattern was found across all variables: Respondents\u2019 awareness differed for attitude targets: (t)-deletion was never noticed, (ing) by 9%, followed by unfilled \u00a0(31 %), and filled pauses (50%), you know (60%) and like (61%). However, an awareness of the attitude target generally resulted in more negative evaluation and a different distribution of evaluation across different token numbers. \n<br \/><br \/>This study shows that the same experimental setup results in different awareness conditions. It also suggests that participants\u2019 awareness of a variable impacts their evaluation and may explain their (in)sensitivity to frequency differences. Thus, an assessment of participants\u2019 awareness of the attitude target is an indispensable element of future research into the social meanings of variable features.\n<\/details>\n\n\n\n<details>\n<summary><strong>REFERENCES:<\/strong><\/summary>\nFreitag, Raquel Meister Ko. 2020. Effects of the linguistics processing: palatals in Brazilian Portuguese and the sociolinguistic monitor. U Penn Working Papers in Linguistics 25(2). 21\u201330.<br \/><br \/>Fruehwald, Josef. 2016. Filled pause choice as a sociolinguistic variable. U. Penn Working Papers in Linguistics 22, 41-49. <br \/><br \/>Labov, William, Sharon Ash, Maya Ravindranath, Tracey Weldon, Maciej Baranowski &amp; Naomi Nagy. 2011. Properties of the sociolinguistic monitor. Journal of Sociolinguistics 15(4). 431\u2013463.<br \/><br \/>Levon, Erez &amp; Isabelle Buchstaller. 2015. Perception, cognition, and linguistic structure: the effect of linguistic modularity and cognitive style on sociolinguistic processing. Language Variation and Change 27. 319\u2013348.<br \/><br \/>Levon, Erez &amp; Sue Fox. 2014. Social salience and the sociolinguistic monitor: A case study of (ING) and TH-fronting in Britain. Journal of English Linguistics 42. 185\u2013217.<br \/><br \/>Stecker, Amelia. 2020. Investigations of the sociolinguistic monitor and perceived gender identity. U Penn Working Papers in Linguistics 26(2). 119\u2013128. <br \/><br \/>Wagner, Suzanne Evans &amp; Ashley Hesson. 2014. Individual sensitivity to the frequency of socially meaningful linguistic cues affects language attitudes. Journal of Language and Social Psychology 33(6). 651\u2013666.\u00a0\n<\/details>\n\n\n\n<details>\n<summary><strong>RECENT PUBLICATIONS:<\/strong><\/summary>\nPflaeging, J.; Schleef, Erik; Mackay, Bradley (2024). Sociolinguistic Monitoring and L2 Speakers. To appear in Linguistics.<br \/><br \/>Pflaeging, Jana (2024). Diachronic Multimodality Research \u2013 A Mini-Review. Frontiers in Communication. Research Topic: The Multimodality of Communication.<br \/><br \/>St\u00f6ckl, Hartmut &amp; Pflaeging, Jana (2022). Multimodal Coherence Revisited: Notes on the Move from Theory to Data in Annotating Print Advertisements. Frontiers in Communication. Research Topic: The Multimodality of Communication. DOI: <a href=\"https:\/\/doi.org\/10.3389\/fcomm.2022.900994\">https:\/\/doi.org\/10.3389\/fcomm.2022.900994<\/a> <br \/><br \/>Pflaeging, Jana; Wildfeuer, Janina; Bateman, John A. (eds., 2021). Empirical Multimodality Research: Methods, Applications, Implications. Berlin\/Boston: de Gruyter.<br \/><br \/>St\u00f6ckl, Hartmut; Caple, Helen; Pflaeging, Jana (eds., 2020). Shifts towards Image-centricity in Contemporary Multimodal Practices. New York\/London: Routledge.\n<\/details>\n<\/div><\/div>\n\n\n\n<div class=\"wp-block-media-text is-stacked-on-mobile\" style=\"grid-template-columns:16% auto\"><figure class=\"wp-block-media-text__media\"><img loading=\"lazy\" decoding=\"async\" width=\"300\" height=\"270\" src=\"https:\/\/portal.kre.hu\/dndipvac2024\/wp-content\/uploads\/2024\/03\/ben_gibb_reid.jpg\" alt=\"\" class=\"wp-image-296 size-full\"\/><\/figure><div class=\"wp-block-media-text__content\">\n<p><b><span style=\"color:black\">NAME:<\/span><\/b><span style=\"color:black\"> Ben GIBB-REID<strong>&nbsp;<\/strong><\/span><\/p>\n\n\n\n<p><b><span style=\"color:black\">INSTITUTION:<\/span><\/b><span style=\"color:black\"> <\/span>University of York<span style=\"color:black\">&nbsp;<\/span><\/p>\n\n\n\n<details>\n<summary><strong>SHORT BIOGRAPHY:<\/strong><\/summary>\nI&#8217;m currently a PhD student at the University of York in the Department of Language and Linguistic Science. My research interests are chiefly forensic speech science, discourse-pragmatic variation, acoustic phonetics, and sociolinguistics. My AHRC funded PhD project focuses on the phonetic variation of the discourse-pragmatic variables <em>like, yeah<\/em> and <em>just<\/em> with a view to aid forensic voice comparison. My supervisors are <a href=\"https:\/\/sites.google.com\/a\/york.ac.uk\/paulfoulkes\/\" target=\"_blank\" rel=\"noopener\">Paul Foulkes<\/a>, <a href=\"https:\/\/vincent-hughes.com\/\" target=\"_blank\" rel=\"noopener\">Vincent Hughes<\/a> and <a href=\"https:\/\/www.sheffield.ac.uk\/health-sciences\/people\/human-communication-sciences\/traci-walker\" target=\"_blank\" rel=\"noopener\">Traci Walker<\/a>. I teach phonetics at both the University of York and University of York St John and outside of my doctoral research I am involved in the York Dialect Project and a project investigating teacher dialect perceptions.\n<\/details>\n\n\n\n<div style=\"height:30px\" aria-hidden=\"true\" class=\"wp-block-spacer\"><\/div>\n\n\n\n<p><b><span style=\"color:black\">TITLE:<\/span><\/b><span style=\"color:black\"> Creating a functional taxonomy of discourse-pragmatic yeah using inter-rater reliability<\/span><\/p>\n\n\n\n<details>\n<summary><strong>ABSTRACT:<\/strong><\/summary>\nWhen dealing with polyfunctional discourse-pragmatic markers (DPMs), many previous works have provided a taxonomy of their functions (for examples see Diskin 2017: 148; Tagliamonte 2016; Pichler 2016); however, most of these approaches have been top-down, relying on functions previously noted in the literature. Creating a taxonomy is an iterative process, but with a few notable exceptions (Eiswirth, 2022; Wagner et al., 2015), this is often a process that remains undisclosed, raising issues of transparency and replicability. This paper provides a step-by-step account of the process of creating a taxonomy for the DPM yeah. We initially rely on top-down information from previous studies (Drummond &#038; Hopper, 1993b, 1993a; Fuller, 2003; Tao, 2003), utilising a 102 token subset of a corpus of conversational data from Derby, UK (see Docherty &#038; Foulkes, 1999). We form an initial list of the functions of yeah in all turn positions, not just turn-initial as in previous work (Drummond &#038; Hopper, 1993b; Tao, 2003; Trouvain &#038; Truong, 2012). Then, we test this taxonomy with the creation of a decision tree and subsequent multi-level inter-coder reliability testing. Starting with low agreement levels between two coders (58%), we adjust the decision tree and reach 82% agreement between three coders. Upon further adjustment of the tree, and the inclusion of a secondary function for the DPM, we reach 91% agreement across three coders. The study aims to contribute to the wider discussion on operationalisation in quantitative discourse-pragmatic research (see Pichler, 2013).<br \/>\n<\/details>\n\n\n\n<details>\n<summary><strong>REFERENCES:<\/strong><\/summary>\nDocherty, G. J., &#038; Foulkes, P. (1999). Derby and Newcastle: Instrumental phonetics and variationist studies. Urban Voices: Accent Studies in the British Isles, 47\u201371.<br \/>\nDrummond, K., &#038; Hopper, R. (1993a). Back channels revisited: Acknowledgment tokens and speakership incipiency. Research on Language and Social Interaction, 26(2), 157\u2013177.<br \/>\nDrummond, K., &#038; Hopper, R. (1993b). Some uses of yeah. Research on Language and Social Interaction, 26(2), 203\u2013212.<br \/>\nEiswirth, M. E. (2022). Developing and testing interaction-based coding schemes for the analysis of sociolinguistic variation. Language &#038; Communication, 87, 11\u201328. <a herf=\"https:\/\/doi.org\/10.1016\/j.langcom.2022.05.001\" target=\"_blank\" rel=\"noopener\">https:\/\/doi.org\/10.1016\/j.langcom.2022.05.001<\/a>\nFuller, J. M. (2003). The influence of speaker roles on discourse marker use. Journal of Pragmatics, 35(1), 23\u201345. <a href=\"https:\/\/doi.org\/10.1016\/S0378-2166(02)00065-6\" target=\"_blank\" rel=\"noopener\">https:\/\/doi.org\/10.1016\/S0378-2166(02)00065-6<\/a><br \/>\nPichler, H. (2013). The structure of discourse-pragmatic variation (Vol. 13). John Benjamins Publishing.<br \/>\nPichler, H. (2016). Uncovering discourse-pragmatic innovations: Innit in Multicultural London English. Discourse-Pragmatic Variation and Change in English: New Methods and Insights.<br \/>\nTagliamonte, S. (2016). Teen talk: The language of adolescents. Cambridge University Press.<br \/>\nTao, H. (2003). Turn Initiators in Spoken English: A Corpus-Based Approach to Interaction and Grammar Hongyin Tao University of California Los Angeles, USA. Corpus Analysis: Language Structure and Language Use, 46, 187.\nWagner, S. E., Hesson, A., Bybel, K., &#038; Little, H. (2015). Quantifying the referential function of general extenders in North American English. Language in Society, 44(5), 705\u2013731.\n<br \/>\n<\/details>\n\n\n\n<details>\n<summary><strong>RECENT PUBLICATIONS:<\/strong><\/summary>\nGibb-Reid, B. (2023) Just one word: An analysis of just as a speaker discriminant using various acoustic measures. In: Radek Skarnitzl &#038; Jan Vol\u00edn (Eds.), Proceedings of the 20th International Congress of Phonetic Sciences (pp. 3775-3779). Guarant International.                                                                                \n<br \/><br \/>\nGibb-Reid, B., Foulkes, P. &#038; Hughes V. (2022) Exploring the phonetic variation of \u2018yeah\u2019 and \u2018like\u2019. York Papers in Linguistics 2, Issue 18, pp.1-27, December 2022. [Paper]\n<\/details>\n<\/div><\/div>\n\n\n\n<div class=\"wp-block-media-text is-stacked-on-mobile\" style=\"grid-template-columns:16% auto\"><figure class=\"wp-block-media-text__media\"><img loading=\"lazy\" decoding=\"async\" width=\"300\" height=\"303\" src=\"https:\/\/portal.kre.hu\/dndipvac2024\/wp-content\/uploads\/2024\/03\/kuna_agnes.jpg\" alt=\"\" class=\"wp-image-273 size-full\" srcset=\"https:\/\/portal.kre.hu\/dndipvac2024\/wp-content\/uploads\/2024\/03\/kuna_agnes.jpg 300w, https:\/\/portal.kre.hu\/dndipvac2024\/wp-content\/uploads\/2024\/03\/kuna_agnes-297x300.jpg 297w\" sizes=\"auto, (max-width: 300px) 100vw, 300px\" \/><\/figure><div class=\"wp-block-media-text__content\">\n<p><b><span style=\"color:black\">NAME:<\/span><\/b><span style=\"color:black\"> \u00c1gnes KUNA&nbsp;<\/span><\/p>\n\n\n\n<p><b><span style=\"color:black\">INSTITUTION:<\/span><\/b><span style=\"color:black\"> &nbsp;<\/span><\/p>\n\n\n\n<details>\n<summary><strong>SHORT BIOGRAPHY:<\/strong><\/summary>\n<\/details>\n\n\n\n<div style=\"height:30px\" aria-hidden=\"true\" class=\"wp-block-spacer\"><\/div>\n\n\n\n<p><b><span style=\"color:black\">TITLE:<\/span><\/b><span style=\"color:black\"> Discursive patterns of self-justification in conflict narratives of doctors and nurses and its impact on conflict outcomes<\/span><\/p>\n\n\n\n<details>\n<summary><strong>ABSTRACT:<\/strong><\/summary>\n<em>Background and aims<\/em>: Conflicts among healthcare professionals have a direct impact on the quality of patient care, making it essential to understand the characteristics of these conflicts. Self-justification is a common factor in conflicts, and exploring its characteristics in the narratives of healthcare professionals was our primary objective.<br \/><em>Methods<\/em>: We conducted a qualitative analysis of previously recorded semi-structured interviews with 25 Hungarian doctors and 25 Hungarian nurses. The analysis focused on identifying expressions of self-justification using content analysis.<br \/><em>Results<\/em>: We identified 371 expressions indicating self-justification and 42 expressions indicating avoidance in the conflict stories. These expressions were categorized into 10 self-justification related categories (such as Superiority, Justice, Sacrificiality, Judgement, Counter-Action, Alliance, Omission, Power, Hierarchy, System) and 1 avoidance-related category, based on their content. The majority of the expressions were found in the Judgment category, which typically involved negative evaluations of the other party. Self-justification had a varied linguistic representation, in the form of recurrent concepts rather than recurrent words. Self-justification-related expressions were more prevalent in the interviews with doctors, accounting for 71.7% of the total, while nurses accounted for 28.3%. Within each category, interviews with doctors contained a higher number of self-justification-related expressions. Stories of unresolved conflicts tended to have more expressions related to self-justification and fewer expressions related to avoiding self-justification. This trend was consistent across the self-justification categories, with the exception of Sacrificiality, Alliance, and Counter-action.<br \/><em>Discussion<\/em>: The presence of self-justification in conflict narratives may hinder constructive conflict resolution among healthcare professionals. Therefore, it is crucial to support healthcare professionals in recognizing and transforming self-justification tendencies to promote effective conflict resolution.\n<\/details>\n\n\n\n<details>\n<summary><strong>REFERENCES:<\/strong><\/summary>\n<\/details>\n\n\n\n<details>\n<summary><strong>RECENT PUBLICATIONS:<\/strong><\/summary>\n<\/details>\n<\/div><\/div>\n\n\n\n<div class=\"wp-block-media-text is-stacked-on-mobile\" style=\"grid-template-columns:16% auto\"><figure class=\"wp-block-media-text__media\"><img loading=\"lazy\" decoding=\"async\" width=\"300\" height=\"303\" src=\"https:\/\/portal.kre.hu\/dndipvac2024\/wp-content\/uploads\/2024\/03\/kocsis_dora.jpg\" alt=\"\" class=\"wp-image-271 size-full\" srcset=\"https:\/\/portal.kre.hu\/dndipvac2024\/wp-content\/uploads\/2024\/03\/kocsis_dora.jpg 300w, https:\/\/portal.kre.hu\/dndipvac2024\/wp-content\/uploads\/2024\/03\/kocsis_dora-297x300.jpg 297w\" sizes=\"auto, (max-width: 300px) 100vw, 300px\" \/><\/figure><div class=\"wp-block-media-text__content\">\n<p><b><span style=\"color:black\">NAME:<\/span><\/b><span style=\"color:black\"> <\/span>D\u00f3ra KOCSIS<\/p>\n\n\n\n<p><b><span style=\"color:black\">INSTITUTION:<\/span><\/b><span style=\"color:black\"> ImproversGroup<\/span><\/p>\n\n\n\n<details>\n<summary><strong>SHORT BIOGRAPHY:<\/strong><\/summary>\nD\u00f3ra Kocsis is a psychologist and has also been working as an organizational development specialist, trainer and coach for the last 9 years. Prior to her current roles she worked as a team leader in a major telecommunication company and later as a consultant and trainer with individuals. With academic backgrounds in economics, French and mathematics, and psychology, she brings a diverse skill set to her work. Her primary area of interest lies in exploring how self-justification influences our interactions and potentially hinders our ability to resolve conflicts constructively.\n<\/details>\n\n\n\n<div style=\"height:30px\" aria-hidden=\"true\" class=\"wp-block-spacer\"><\/div>\n\n\n\n<p><b><span style=\"color:black\">TITLE:<\/span><\/b><span style=\"color:black\"> <\/span>Discursive patterns of self-justification in conflict narratives of doctors and nurses and its impact on conflict outcomes<\/p>\n\n\n\n<details>\n<summary><strong>ABSTRACT:<\/strong><\/summary>\n<em>Background and aims<\/em>: Conflicts among healthcare professionals have a direct impact on the quality of patient care, making it essential to understand the characteristics of these conflicts. Self-justification is a common factor in conflicts, and exploring its characteristics in the narratives of healthcare professionals was our primary objective.<br \/><em>Methods<\/em>: We conducted a qualitative analysis of previously recorded semi-structured interviews with 25 Hungarian doctors and 25 Hungarian nurses. The analysis focused on identifying expressions of self-justification using content analysis.<br \/><em>Results<\/em>: We identified 371 expressions indicating self-justification and 42 expressions indicating avoidance in the conflict stories. These expressions were categorized into 10 self-justification related categories (such as Superiority, Justice, Sacrificiality, Judgement, Counter-Action, Alliance, Omission, Power, Hierarchy, System) and 1 avoidance-related category, based on their content. The majority of the expressions were found in the Judgment category, which typically involved negative evaluations of the other party. Self-justification had a varied linguistic representation, in the form of recurrent concepts rather than recurrent words. Self-justification-related expressions were more prevalent in the interviews with doctors, accounting for 71.7% of the total, while nurses accounted for 28.3%. Within each category, interviews with doctors contained a higher number of self-justification-related expressions. Stories of unresolved conflicts tended to have more expressions related to self-justification and fewer expressions related to avoiding self-justification. This trend was consistent across the self-justification categories, with the exception of Sacrificiality, Alliance, and Counter-action.<br \/><em>Discussion<\/em>: The presence of self-justification in conflict narratives may hinder constructive conflict resolution among healthcare professionals. Therefore, it is crucial to support healthcare professionals in recognizing and transforming self-justification tendencies to promote effective conflict resolution.\n<\/details>\n\n\n\n<details>\n<summary><strong>REFERENCES:<\/strong><\/summary>\nAronson, E., &amp; Tavris, C. (2009). <i>T\u00f6rt\u00e9ntek Hib\u00e1k (de nem \u00e9n tehetek r\u00f3luk): Az \u00d6nigazol\u00e1s L\u00e9lektana<\/i>. Budapest: Ab Ovo.<br \/>Bagdy, E., Bishop, B., B\u00f6jte, C., &amp; Rambala, \u00c9. (2011). <i>Hidak egym\u00e1shoz: Emp\u00e1tia, kommunik\u00e1ci\u00f3, konfliktuskezel\u00e9s. <\/i>Budapest: Kulcslyuk.<br \/>B\u00e1nfalvi, A. (2017). Egy rejt\u0151zk\u00f6d\u0151 \u00e1ramlat az orvosk\u00e9pz\u00e9sben. <i>Metszetek, 6<\/i>(2), 56\u201378.<br \/>Baumeister, R. F., Stillwell, A., &amp; Wotman, S. R. (1990). Victim and perpetrator accounts of interpersonal conflict: Autobiographical narratives about anger. <i>Journal of Personality and Social Psychology, 59<\/i>(5), 994\u20131005.<br \/>Bochatay, N., Kuna, \u00c1., Csupor, \u00c9., Pint\u00e9r, J. N., Muller-Juge, V., Hudelson, P., Nendaz, M. R., Csabai, M., Bajwa, N. M., &amp; Kim, S. (2020). The role of power in health care conflict: recommendations for shifting toward constructive approaches. <i>Academic Medicine<\/i>, <i>96<\/i>(1), 134-141.<br \/><\/span><span><\/span><span>Csupor, \u00c9., Kuna, \u00c1., Pint\u00e9r, J., Kal\u00f3, Z., &amp; Csabai, M. (2017). Konfliktust\u00edpusok \u00e9s konfliktuskezel\u00e9s magyar eg\u00e9szs\u00e9g\u00fcgyi dolgoz\u00f3k k\u00f6r\u00e9ben. <i>Orvosi Hetilap, 158<\/i>(16), 625\u2013632.<br \/>Ford, C. (2020). <i>Dangerous Love: Transforming Fear and Conflict at Home, at Work, and in the World. <\/i>Oakland, CA: Berreth-Koehler Publishers.<br \/><\/span><span><\/span><span>Iglesias, M. E. L., de Bengoa Vallejo, R. B., (2012). Conflict resolution styles in the nursing profession. <i>Contemporary Nurse, 43<\/i>(1), 73\u201380.<br \/>Irinyi, T. (2019). \u00d6sszef\u00fcgg\u00e9sek az eg\u00e9szs\u00e9g\u00fcgyi szakdolgoz\u00f3i ki\u00e9getts\u00e9g, az \u00e1ltaluk elszenvedett agresszi\u00f3 gyakoris\u00e1ga \u00e9s a munkahelyi konfliktusaik k\u00f6z\u00f6tt.<br \/>Leever, A. M., Hulst, M. V. D., Berendsen, A. J., Boendemaker, P. M., Roodenburg, J. L. N., &amp; Pols, J. (2010).\u00a0Conflicts and conflict management in the collaboration between nurses and physicians \u2013 A qualitative study.<i> Journal of Interprofessional Care, 24<\/i>(6), 612\u2013624.<br \/>Moln\u00e1r, P., Csabai, M. &amp; Cs\u00f6rsz, I. (2003). Orvosi professzionaliz\u00e1ci\u00f3 \u00e9s magatart\u00e1studom\u00e1ny. <i>Magyar tudom\u00e1ny<\/i>, <i>173<\/i>(11), 1391\u20131400.\n<\/details>\n\n\n\n<details>\n<summary><strong>RECENT PUBLICATIONS:<\/strong><\/summary>\nKocsis, D., Csabai, M., &#038; Kuna, \u00c1. (2023). Az \u00f6nigazol\u00e1s szerepe \u00e9s jellemz\u0151i eg\u00e9szs\u00e9g\u00fcgyi dolgoz\u00f3k konfliktusaiban. <em>Alkalmazott Pszichol\u00f3gia, 23<\/em>(1), 7-23.\n<\/details>\n<\/div><\/div>\n\n\n\n<div class=\"wp-block-media-text is-stacked-on-mobile\" style=\"grid-template-columns:16% auto\"><figure class=\"wp-block-media-text__media\"><img loading=\"lazy\" decoding=\"async\" width=\"350\" height=\"339\" src=\"https:\/\/portal.kre.hu\/dndipvac2024\/wp-content\/uploads\/2024\/04\/Csabai-Marta-1.jpg\" alt=\"\" class=\"wp-image-361 size-full\" srcset=\"https:\/\/portal.kre.hu\/dndipvac2024\/wp-content\/uploads\/2024\/04\/Csabai-Marta-1.jpg 350w, https:\/\/portal.kre.hu\/dndipvac2024\/wp-content\/uploads\/2024\/04\/Csabai-Marta-1-300x291.jpg 300w\" sizes=\"auto, (max-width: 350px) 100vw, 350px\" \/><\/figure><div class=\"wp-block-media-text__content\">\n<p><b><span style=\"color:black\">NAME:<\/span><\/b><span style=\"color:black\"> <\/span>M\u00e1rta CSABAI<\/p>\n\n\n\n<p><b><span style=\"color:black\">INSTITUTION:<\/span><\/b><span style=\"color:black\"> K\u00e1roli G\u00e1sp\u00e1r University of the Reformed Church, Budapest, Hungary<\/span><\/p>\n\n\n\n<details>\n<summary><strong>SHORT BIOGRAPHY:<\/strong><\/summary>\nM\u00e1rta Csabai is a clinical and health psychologist and a professor at the Institute of Psychology at the University of the Reformed Church in Budapest, Hungary. Over the past 30 years, she has developed professional and training programs for health psychology in Hungary. In addition to publishing and editing 20 books, she also serves on the editorial boards of several journals and has contributed to developing teaching software and scientific documentaries. Her research focuses on the social-psychological aspects and psychological care of physical illnesses, the well-being of health professionals, and conflict management in different healthcare contexts.\n<\/details>\n\n\n\n<div style=\"height:30px\" aria-hidden=\"true\" class=\"wp-block-spacer\"><\/div>\n\n\n\n<p><b><span style=\"color:black\">TITLE:<\/span><\/b><span style=\"color:black\"> <\/span>Discursive patterns of self-justification in conflict narratives of doctors and nurses and its impact on conflict outcomes<\/p>\n\n\n\n<details>\n<summary><strong>ABSTRACT:<\/strong><\/summary>\n<em>Background and aims<\/em>: Conflicts among healthcare professionals have a direct impact on the quality of patient care, making it essential to understand the characteristics of these conflicts. Self-justification is a common factor in conflicts, and exploring its characteristics in the narratives of healthcare professionals was our primary objective.<br \/><em>Methods<\/em>: We conducted a qualitative analysis of previously recorded semi-structured interviews with 25 Hungarian doctors and 25 Hungarian nurses. The analysis focused on identifying expressions of self-justification using content analysis.<br \/><em>Results<\/em>: We identified 371 expressions indicating self-justification and 42 expressions indicating avoidance in the conflict stories. These expressions were categorized into 10 self-justification related categories (such as Superiority, Justice, Sacrificiality, Judgement, Counter-Action, Alliance, Omission, Power, Hierarchy, System) and 1 avoidance-related category, based on their content. The majority of the expressions were found in the Judgment category, which typically involved negative evaluations of the other party. Self-justification had a varied linguistic representation, in the form of recurrent concepts rather than recurrent words. Self-justification-related expressions were more prevalent in the interviews with doctors, accounting for 71.7% of the total, while nurses accounted for 28.3%. Within each category, interviews with doctors contained a higher number of self-justification-related expressions. Stories of unresolved conflicts tended to have more expressions related to self-justification and fewer expressions related to avoiding self-justification. This trend was consistent across the self-justification categories, with the exception of Sacrificiality, Alliance, and Counter-action.<br \/><em>Discussion<\/em>: The presence of self-justification in conflict narratives may hinder constructive conflict resolution among healthcare professionals. Therefore, it is crucial to support healthcare professionals in recognizing and transforming self-justification tendencies to promote effective conflict resolution.\n<\/details>\n\n\n\n<details>\n<summary><strong>REFERENCES:<\/strong><\/summary>\nAronson, E., &amp; Tavris, C. (2009). <i>T\u00f6rt\u00e9ntek Hib\u00e1k (de nem \u00e9n tehetek r\u00f3luk): Az \u00d6nigazol\u00e1s L\u00e9lektana<\/i>. Budapest: Ab Ovo.<br \/>Bagdy, E., Bishop, B., B\u00f6jte, C., &amp; Rambala, \u00c9. (2011). <i>Hidak egym\u00e1shoz: Emp\u00e1tia, kommunik\u00e1ci\u00f3, konfliktuskezel\u00e9s. <\/i>Budapest: Kulcslyuk.<br \/>B\u00e1nfalvi, A. (2017). Egy rejt\u0151zk\u00f6d\u0151 \u00e1ramlat az orvosk\u00e9pz\u00e9sben. <i>Metszetek, 6<\/i>(2), 56\u201378.<br \/>Baumeister, R. F., Stillwell, A., &amp; Wotman, S. R. (1990). Victim and perpetrator accounts of interpersonal conflict: Autobiographical narratives about anger. <i>Journal of Personality and Social Psychology, 59<\/i>(5), 994\u20131005.<br \/>Bochatay, N., Kuna, \u00c1., Csupor, \u00c9., Pint\u00e9r, J. N., Muller-Juge, V., Hudelson, P., Nendaz, M. R., Csabai, M., Bajwa, N. M., &amp; Kim, S. (2020). The role of power in health care conflict: recommendations for shifting toward constructive approaches. <i>Academic Medicine<\/i>, <i>96<\/i>(1), 134-141.<br \/><\/span><span><\/span><span>Csupor, \u00c9., Kuna, \u00c1., Pint\u00e9r, J., Kal\u00f3, Z., &amp; Csabai, M. (2017). Konfliktust\u00edpusok \u00e9s konfliktuskezel\u00e9s magyar eg\u00e9szs\u00e9g\u00fcgyi dolgoz\u00f3k k\u00f6r\u00e9ben. <i>Orvosi Hetilap, 158<\/i>(16), 625\u2013632.<br \/>Ford, C. (2020). <i>Dangerous Love: Transforming Fear and Conflict at Home, at Work, and in the World. <\/i>Oakland, CA: Berreth-Koehler Publishers.<br \/><\/span><span><\/span><span>Iglesias, M. E. L., de Bengoa Vallejo, R. B., (2012). Conflict resolution styles in the nursing profession. <i>Contemporary Nurse, 43<\/i>(1), 73\u201380.<br \/>Irinyi, T. (2019). \u00d6sszef\u00fcgg\u00e9sek az eg\u00e9szs\u00e9g\u00fcgyi szakdolgoz\u00f3i ki\u00e9getts\u00e9g, az \u00e1ltaluk elszenvedett agresszi\u00f3 gyakoris\u00e1ga \u00e9s a munkahelyi konfliktusaik k\u00f6z\u00f6tt.<br \/>Leever, A. M., Hulst, M. V. D., Berendsen, A. J., Boendemaker, P. M., Roodenburg, J. L. N., &amp; Pols, J. (2010).\u00a0Conflicts and conflict management in the collaboration between nurses and physicians \u2013 A qualitative study.<i> Journal of Interprofessional Care, 24<\/i>(6), 612\u2013624.<br \/>Moln\u00e1r, P., Csabai, M. &amp; Cs\u00f6rsz, I. (2003). Orvosi professzionaliz\u00e1ci\u00f3 \u00e9s magatart\u00e1studom\u00e1ny. <i>Magyar tudom\u00e1ny<\/i>, <i>173<\/i>(11), 1391\u20131400.\n<\/details>\n\n\n\n<details>\n<summary><strong>RECENT PUBLICATIONS:<\/strong><\/summary>\nKocsis, D., Csabai, M., &#038; Kuna, \u00c1. (2023). Az \u00f6nigazol\u00e1s szerepe \u00e9s jellemz\u0151i eg\u00e9szs\u00e9g\u00fcgyi dolgoz\u00f3k konfliktusaiban. <em>Alkalmazott Pszichol\u00f3gia, 23<\/em>(1), 7-23.\n<\/details>\n<\/div><\/div>\n\n\n\n<div class=\"wp-block-media-text is-stacked-on-mobile\" style=\"grid-template-columns:16% auto\"><figure class=\"wp-block-media-text__media\"><img loading=\"lazy\" decoding=\"async\" width=\"508\" height=\"400\" src=\"https:\/\/portal.kre.hu\/dndipvac2024\/wp-content\/uploads\/2024\/03\/adam_konopka.jpg\" alt=\"\" class=\"wp-image-295 size-full\" srcset=\"https:\/\/portal.kre.hu\/dndipvac2024\/wp-content\/uploads\/2024\/03\/adam_konopka.jpg 508w, https:\/\/portal.kre.hu\/dndipvac2024\/wp-content\/uploads\/2024\/03\/adam_konopka-300x236.jpg 300w\" sizes=\"auto, (max-width: 508px) 100vw, 508px\" \/><\/figure><div class=\"wp-block-media-text__content\">\n<p><b><span style=\"color:black\">NAME:<\/span><\/b><span style=\"color:black\"> Adam<strong> <\/strong>K<\/span>ONOPKA<\/p>\n\n\n\n<p><b><span style=\"color:black\">INSTITUTION:<\/span><\/b><span style=\"color:black\"> <\/span>Collegium Civitas<span style=\"color:black\">&nbsp;<\/span><\/p>\n\n\n\n<details>\n<summary><strong>SHORT BIOGRAPHY:<\/strong><\/summary>\nDoctor of linguistics, a graduate of international relations at UKW in Bydgoszcz, and sociology at the University of Gda\u0144sk. He scientifically deals with discourse analysis, examining topics such as birth control in the Polish People\u2019s Republic, the migration crisis, species protection policy and decommunization of public space. He works mostly with Discourse-Historical Approach and socio-semiotic multimodal analysis. Member of the board of the Social Communication Research Section of the Polish Sociological Association.\n<\/details>\n\n\n\n<div style=\"height:30px\" aria-hidden=\"true\" class=\"wp-block-spacer\"><\/div>\n\n\n\n<p><b><span style=\"color:black\">TITLE:<\/span><\/b><span style=\"color:black\"> <\/span>Linguistic transformations of public discourse birth control in communist Poland. Discursive study of press articles from 1956-1989.<\/p>\n\n\n\n<details>\n<summary><strong>ABSTRACT:<\/strong><\/summary>\nIn 1956 Polish People\u2019s Republic\u2019s parliament significantly liberalized the abortion law. Since then, the discussion on birth control broke out, covering topics such as abortion, contraception or sexual education. In my research I focused on the transformations that occurred in the press related to both Communist Party, Catholic Church and women\u2019s organisations, between 1956 and 1989 (the year of the political transformation). Combining Discourse-Historical Approach (Reisigl &#038; Wodak, 2001; Reisigl 2014) and Systemic-Fuctional Discourse Analysis (Martin &#038; Rose, 2007) and rooting the data deeply in Wodak\u2019s (2001) theory of context, I studied the shifts in subtopics, argumentation, appraisal and labelling the social actors. I will present my findings on discursive shifts (Krzy\u017canowski, 2018) present in birth control discourse in communist Poland and how they could have contributed to changing the social understanding of birth control-related language in Poland and further to restricting the abortion laws in 1993 and 2020.<br \/>\n<\/details>\n\n\n\n<details>\n<summary><strong>REFERENCES:<\/strong><\/summary>\nKrzy\u017canowski, M. (2018). Discursive Shifts in Ethno-Nationalist Politics: On Politicization and Mediatization of the \u201cRefugee Crisis\u201d in Poland. Journal of Immigrant &#038; Refugee Studies, 16(1\u20132), 76\u201396.<br \/><br \/>\nMartin, J.R., &#038; Rose, D. (2007). Working with Discourse: Meaning Beyond the Clause, London: Bloomsbury.<br \/>\nReisigl, M. (2014). Argumentation Analysis and the Discourse-Historical Approach: A Methodological Framework. In: C. Hart i P. Cap (Red.), Contemporary Critical Discourse Studies. Bloomsbury.<br \/>\nReisigl, M. &#038; Wodak, R. (2001). Discourse and Discrimination. Rhetorics of Racism and Anti-semitism. Routledge.<br \/>\nWodak, R. (2001). The Discourse-Historical Approach. W R. Wodak i M. Meyer (Red.), Methods of Critical Discourse Analysis (s. 63\u201394). Sage Publications.\n<br \/>\n<\/details>\n\n\n\n<details>\n<summary><strong>RECENT PUBLICATIONS:<\/strong><\/summary>\nNiedzialkowski, K., Konopka, A. &#038; Putkowska-Smoter, R. (2021). To Hunt or to Protect? Discourse-coalitions in the Polish Wolf Management. Conservation and Society 19(2):p 91-100, DOI: 10.4103\/cs.cs_20_4<br \/>\nRancew-Sikora, D., &#038; Konopka, A. (2020). Potencja\u0142 sieciowej analizy dyskursu w badaniu debat o klimacie. Miscellanea Anthropologica Et Sociologica, 21(4), 22\u201335.<br \/>\nRancew-Sikora, D., &#038; Konopka, A. (2019). Polska w autobusie. Przyk\u0142ad analizy dyskursu skoncentrowanej na metaforze, Studia Socjologiczne (2): 155-177, DOI: 10.24425\/sts.2019.126143<br \/>\nKonopka, A. (2019). \u201eUs\u201d and \u201ethem\u201d in the language of conservative islamophobia &#8211; referential and predicational strategies in Polish right-wing press discourse on the migration crisis in 2015, Studia Humanistyczne AGH, 18 (1), p. 33-50, DOI: <a href=\"dx.doi.org\/10.7494\/human.2019.18.1.33\" target=\"_blank\" rel=\"noopener\">dx.doi.org\/10.7494\/human.2019.18.1.33<\/a><br \/>\nKonopka A. (2019). Strategie nacisku. Prasa kobieca w latach 1956\u20131959 a dost\u0119p do w pe\u0142ni legalnej aborcji w PRL-u, [in:] Kobiety wobec dominacji i opresji, Desperak I., Hy\u017cy E., Ku\u017ama I. B., Pietrzak E. (ed.), Wydawnictwo Uniwersytetu \u0141\u00f3dzkiego, \u0141\u00f3d\u017a, p. 25-41, <a href=\"https:\/\/www.doi.org\/10.18778\/8142-431-8.03\" target=\"_blank\" rel=\"noopener\">https:\/\/www.doi.org\/10.18778\/8142-431-8.03<\/a><br \/>\n<\/details>\n<\/div><\/div>\n\n\n\n<div class=\"wp-block-media-text is-stacked-on-mobile\" style=\"grid-template-columns:16% auto\"><figure class=\"wp-block-media-text__media\"><img loading=\"lazy\" decoding=\"async\" width=\"182\" height=\"190\" src=\"https:\/\/portal.kre.hu\/dndipvac2024\/wp-content\/uploads\/2024\/03\/stephen-levey.png\" alt=\"\" class=\"wp-image-281 size-full\"\/><\/figure><div class=\"wp-block-media-text__content\">\n<p><b><span style=\"color:black\">NAME:<\/span><\/b><span style=\"color:black\"> <\/span>Stephen LEVEY<\/p>\n\n\n\n<p><b><span style=\"color:black\">INSTITUTION:<\/span><\/b><span style=\"color:black\"> University of Ottawa<\/span><\/p>\n\n\n\n<details>\n<summary><strong>SHORT BIOGRAPHY:<\/strong><\/summary>\nStephen Levey is Associate Professor of Linguistics at the University of Ottawa. He is interested in grammatical variation and change, contact linguistics and pidgin and creole languages.\n<\/details>\n\n\n\n<div style=\"height:30px\" aria-hidden=\"true\" class=\"wp-block-spacer\"><\/div>\n\n\n\n<p><b><span style=\"color:black\">TITLE:<\/span><\/b><span style=\"color:black\"> <\/span>Learning to sound like a native speaker: Evidence from discourse-pragmatic variation and change<\/p>\n\n\n\n<details>\n<summary><strong>ABSTRACT:<\/strong><\/summary>\nLearning to sound like a native speaker:<br \/>Evidence from discourse-pragmatic variation and change<br \/>Stephen Levey, Laura Kastronic &amp; Yasmine Abou Taha<\/p>\n<p>The last three decades have witnessed intensified interest in the investigation of second language (L2) acquisition from a sociolinguistic perspective (e.g., Howard et al. 2013). Within this research context, increasing attention has been paid to the L2 acquisition of target-language (TL) vernacular norms (Labov 1984). This line of inquiry has prompted a number of key questions: To what extent are those norms (in)completely acquired, and how can this be assessed (Howard et al. 2013)? How proficient must learners be in their L2 to master TL vernacular features? What is the role, if any, of L2 speakers\u2019 first language (L1) in mediating the acquisition of TL variables, especially in cases where the variables in question have structural analogues in L2 speakers\u2019 L1 (see e.g., Odlin 2003)? We confront these questions by drawing on three newly constituted corpora recorded from 63 speakers in the Canadian National Capital Region. The first corpus represents L2 English recorded from native Canadian francophones. A second corpus of vernacular English recorded from native anglophones furnishes a local community baseline variety of the TL against which L2 usage patterns are calibrated. A third corpus of local Canadian French represents L2 speakers\u2019 first language (L1).<\/p>\n<p>We present a case study exploring the L2 acquisition of quotative variation and change in the local TL benchmark variety. Our diagnostic measures of L2 acquisition focus on the replication of the TL inventory of quotative variants; approximation of TL variant usage rates; and, crucially, the replication of the TL set of implicit constraints governing variant selection. \u00a0The triangulation of quantitative evidence across the three corpora factored into our research design reveals that: (i) higher-proficiency L2 speakers closely approximate TL community norms with respect to the use of the innovative <em>be like <\/em>quotative expression; and (ii) the existence of a parallel linguistic change, <em>\u00eatre comme,<\/em> in L2 speakers\u2019 native French arguably has a facilitative effect on the L2 acquisition of TL patterns of variation, as gauged from detailed comparisons of the environmental constraints governing variant selection. Taken together, our findings challenge ubiquitous assumptions that L2 acquisition characteristically involves only partial mastery of TL patterns and constraints (Schleef et al. 2011) and foreground the importance of L1 transfer effects in refining and enhancing our understanding of the (advanced) L2 acquisition of discourse-pragmatic variation and change.\n<\/details>\n\n\n\n<details>\n<summary><strong>REFERENCES:<\/strong><\/summary>\nHoward, Martin, Raymond Mougeon and Jean-Marc Dewaele. 2013. Sociolinguistics and second language acquisition. In <em>The Oxford Handbook of Sociolinguistics<\/em>, eds. Robert Bayley, Richard Cameron and Ceil Lucas, 340-359. Oxford: Oxford University Press<br \/>Labov, William. 1984. Field methods of the project on linguistic change and variation. In<em> Language in Use: Readings in Sociolinguistics<\/em>, eds. John Baugh and Joel Sherzer, 28-54. Englewood Cliffs, NJ: Prentice-Hall.<br \/>Odlin, Terence. 2003. Cross-linguistic influence. In <em>The Handbook of Second Language Acquisition<\/em>, eds. Catherine J. Doughty and Michael H. Long, 436-486. Oxford: Blackwell.<br \/>Schleef, Erik, Miriam Meyerhoff and Lynn Clark. 2011.\u00a0 Teenagers\u2019 acquisition of variation:<br \/>A comparison of locally-born and migrant teens\u2019 realisation of English (ing) in Edinburgh and London. <em>English World-Wide<\/em> 32(2): 206-236.\n<\/details>\n\n\n\n<details>\n<summary><strong>RECENT PUBLICATIONS:<\/strong><\/summary>\n<ol>\n<li><strong>Levey, S. <\/strong>Standard and non-standard English. To appear in S. Fox ed. <em>Language in the British Isles, <\/em>3<sup>rd<\/sup> Cambridge: Cambridge University Press <em>in press<\/em><\/li>\n<li>de Almeida, M.A. , de Andrade Berlinck, R., and <strong>Levey, S. <\/strong>Confronting grammatical<br \/>ideology with usage: Towards a socially realist account of spoken Portuguese. In G.<br \/>Massini-Cagliari, R. de Andrade Berlinck, &amp; A.T. Carmo Rodrigues (eds.)<br \/><em>Understanding \u00a0Linguistic Prejudice: Critical Approaches to Language Diversity in Brazil<\/em>,<br \/>Springer, pp.85-108, 2023 (joint author)<\/li>\n<li>Abou Taha, Y., &amp;<strong> Levey, S. <\/strong>Palestinian Arabic in the diaspora: Assessing the case for contact-induced change. In A.K. Ali and A Hachimi (eds.) <em>Perspectives on Arabic Linguistics XXXIII. <\/em>Amsterdam: Benjamins, pp. 3-26, 2022 (joint author)<\/li>\n<li><strong>Levey, S., <\/strong>Kastronic, L<strong>. <\/strong>Digesto, S., and Chiasson-L\u00e9ger, M. Quotative variation and change: Evidence from French, with additional insights from Brazilian Portuguese and Italian. \u00a0 Peterson, T. Hiltunen &amp; J. Kern eds.<em> Discourse-Pragmatic Variation and Change: Theory, Innovations, Contact.<\/em> Cambridge: C.U.P., pp.61-82, 2022. (primary author)<\/li>\n<\/ol>\n<\/details>\n<\/div><\/div>\n\n\n\n<div class=\"wp-block-media-text is-stacked-on-mobile\" style=\"grid-template-columns:16% auto\"><figure class=\"wp-block-media-text__media\"><img loading=\"lazy\" decoding=\"async\" width=\"300\" height=\"450\" src=\"https:\/\/portal.kre.hu\/dndipvac2024\/wp-content\/uploads\/2024\/03\/raniah_al_mufarreh.jpg\" alt=\"\" class=\"wp-image-298 size-full\" srcset=\"https:\/\/portal.kre.hu\/dndipvac2024\/wp-content\/uploads\/2024\/03\/raniah_al_mufarreh.jpg 300w, https:\/\/portal.kre.hu\/dndipvac2024\/wp-content\/uploads\/2024\/03\/raniah_al_mufarreh-200x300.jpg 200w\" sizes=\"auto, (max-width: 300px) 100vw, 300px\" \/><\/figure><div class=\"wp-block-media-text__content\">\n<p><b><span style=\"color:black\">NAME:<\/span><\/b><span style=\"color:black\"> <\/span>Raniah Al MUFARREH<\/p>\n\n\n\n<p><b><span style=\"color:black\">INSTITUTION:<\/span><\/b><span style=\"color:black\"> King Khalid University<\/span><\/p>\n\n\n\n<details>\n<summary><strong>SHORT BIOGRAPHY:<\/strong><\/summary>\n<p>Professional Summary: Experienced Director of the Documentation and Archive Center with a background in linguistics and academia. Skilled in communication, time management, and leadership. Currently serving as an advisor at the Administrative Vice Presidency. Passionate about community work and utilizing technology for social development.<\/p>\n<p>Education:<\/p>\n<ul>\n<li>Ph.D. in Linguistics, University of Florida, USA<br \/>Master\u2019s degree in (Theoretical) Linguistics, University of Florida, USA<br \/>Academic English Certificate, INTO USF, Tampa, Florida, USA<br \/>Master\u2019s degree in (Applied) Linguistics, King Khalid University, Saudi Arabia<br \/>Bachelor\u2019s degree in English Literature, Girls\u2019 Education College, Abha, Saudi Arabia<\/li>\n<\/ul>\n<p>Work Experience:<\/p>\n<ul>\n<li>Director for the Documentation and Archive Center, King Khalid University<br \/>Advisor at the Administrative Vice Presidency, King Khalid University<br \/>Dean of College of Arts and Sciences (Ahad Rufaidah), King Khalid University<br \/>Head of the Department of English, College of Arts and Sciences (Dhahran Aljanoub), King Khalid University<br \/>Associate Professor of Linguistics, Department of English, King Khalid University<\/li>\n<\/ul>\n<p>Research Experience:<\/p>\n<ul>\n<li>Extensive research in Computer-Assisted Language Learning, Women and Language, Language Documentation, Sociolinguistics, Psycholinguistics, and Translation.<\/li>\n<\/ul>\n<p>Interests:<\/p>\n<ul>\n<li>Actively engaged in community work and utilizing technology for social development.<br \/>Enthusiastic about languages and cultures, communication etiquette, and organizing events.<\/li>\n<\/ul>\n<\/details>\n\n\n\n<div style=\"height:30px\" aria-hidden=\"true\" class=\"wp-block-spacer\"><\/div>\n\n\n\n<p><b><span style=\"color:black\">TITLE:<\/span><\/b><span style=\"color:black\"> <\/span>Unveiling Humblebragging Among Arab Influencers<\/p>\n\n\n\n<details>\n<summary><strong>ABSTRACT:<\/strong><\/summary>\nThis research investigates humblebragging within Arabic social media discourse, focusing on Twitter, Snapchat, and TikTok, prominent platforms in Arab countries. With 140 excerpts collected from influential figures, the study aims to identify the themes and strategies prevalent in humblebragging. The study addresses the following questions: What are the common topics of humblebragging among Arabic social media influencers? What linguistic strategies are employed by influencers to humblebrag effectively? Through content discourse analysis, this study endeavors to unveil the underlying themes and linguistic strategies used in humblebragging within the Arab online community. The findings aim to contribute to understand self-presentation and communication dynamics in digital spaces, offering insights into the cultural and sociolinguistic nuances of humblebragging within Arabic-speaking contexts.\n<\/details>\n\n\n\n<details>\n<summary><strong>REFERENCES:<\/strong><\/summary>\nTentative list: Barros Garc\u00eda, M. J., Terkourafi, M., 2014. First-order politeness in rapprochement and distancing cultures: Understandings and uses of politeness by Spanish native speakers from Spain and Barros Garc\u00eda, M. J., Terkourafi, M., 2014. First-order politeness in rapprochement and distancing cultures: Understandings and uses of politeness by Spanish native speakers from Spain and Spanish nonnative speakers from the U.S. Pragmatics, 24, 1-34.\n<br \/><br \/>\nBella, S., Ogiermann, E., 2019. An intergenerational perspective on (im)politeness. Journal of Politeness Research, 15 (2), 163-93.\n<br \/><br \/>\nBousfield, D., Locher, M., 2008. Impoliteness In Language: Studies on Interplay with Power in Theory and Practice, Mouton de Gruyter.\n<br \/><br \/>\nBousfield, D., 2008. Impoliteness in Interaction, Benjamins.\n<br \/><br \/>\nBousfield, D., 2010. Researching impoliteness and rudeness: issues and definitions. In M Locher and S. L. Graham, eds., Interpersonal Pragmatics. De Gruyter Mouton.\n<br \/><br \/>\nBrown, P., Levinson, S., 1978. Politeness: Politeness phenomena: Some universals in language usage. In E. Goody, ed., Questions and Answers: Strategies in Social Interaction, Cambridge University Press, pp. 56-311.\n<br \/><br \/>\nChang, W.-L. M., Haugh, M., 2011. Evaluations of (im)politeness of an intercultural apology. Intercultural Pragmatics, 8(3). Doi:10.1515\/iprg.2011.019\n<br \/><br \/>\nChen, S. H., Zhu, Y., 2022. Criticism of the Political Economy of Communication in Versailles Literature. Journal of Nanchang University, 3,64-72. Doi:10.13764\/j.cnki.ncds.2022.03.002.\n<br \/><br \/>\nChen, Y. N., 2021. Analysis of parody and confrontation in Versailles literature. Young Journalists, 8, 100-101. Doi:10.15997\/j.cnki.qnjz.2021.08.051.\n<br \/><br \/>\nEelen, G., 2001. A Critique of Politeness Theories, St. Jerome Publishing.\n<br \/><br \/>\nFinker, L. N., F\u00e9lix-Brasdefer, J. C., 2015. Pragmalinguistic variation and barista perceptions in US caf\u00e9 service encounters. In K. Beeching and H. Woodfield, eds., Researching<br \/>\nSociopragmatic Variability Perspectives from Variational, Interlanguage and Contrastive<br \/>\nPragmatics. Palgrave Macmillan, pp.19\u201348. Doi: <a href=\"https:\/\/doi.org\/10.1057\/9781137373953_2\" target=\"_blank\" rel=\"noopener\">https:\/\/doi.org\/10.1057\/9781137373953_2<\/a>\n<br \/><br \/>\nGu, Y.G., 1990. Politeness phenomena in modern Chinese. Journal of Pragmatics, 14, 237-257.\n<br \/><br \/>\nGuo, Y. P., Ren, W., 2020. Managing image: The self-praise of celebrities on social media. Discourse, Context &#038; Media, 38, 1-9.\n<br \/><br \/>\nHaugh, M., Chang, W-L. M., 2019. \u201cThe apology seemed (in)sincere\u201d: Variability in perceptions of (im)politeness. Journal of Pragmatics, 142, 207-22.\n<br \/><br \/>\nJiang, J.G., 2020. Kua Kua Qun: Identity anxiety, overflow of praise and group fakeadoration. Modern Communication, 42, 70-75.\n<br \/><br \/>\nOgiermann, E., Suszczy\u0144ska, M., 2011. On im\/politeness behind the Iron Curtain. In F. Bargiela and D. Z. K\u00e1d\u00e1r, eds., Politeness across cultures. Palgrave Macmillan, pp. 194-215.\n<br \/><br \/>\nWatts, R. J., 1992. Linguistic politeness and politic verbal behavior: Reconsidering claims for universality. In R. Watts, S. Ide and K. Ehlich, eds., Politeness in Language: Studies in Its History, Theory, and Practice. Mouton de Gruyter, pp. 43-69.\n<br \/><br \/>\nWatts, R. J., 2003. Politeness. Cambridge University Press.\nXu, G.Y, Sun, Z.J, Luo, L.L., 2023. Making friends with \u201cabandonment\u201d: The social representation and rational examination of Nonsense Literature. Young Journalists, 4, 41-\n43.<br \/><br \/>\nYan, H.C., 2020. The \u201cpraise group\u201d of the \u201cpost 00s\u201d youth: Creating identity, self-irony, and value confusion. Hunan Social Sciences, 3, 160-164.\n<br \/><br \/>\nZhang, Z.H., Zhao, J.H., 2023. A study on the dissemination of \u201ccrazy literature\u201d in youth groups from the perspective of interaction ritual chain. New Media Research, 3, 52-55.<br \/>\n<\/details>\n\n\n\n<details>\n<summary><strong>RECENT PUBLICATIONS:<\/strong><\/summary>\nAl Mufarreh, R. (2023). How much, what and how: three-dimensional discourse analysis of Saudi women and men&#8217;s self-disclosure. <i>Saudi Journal of Language Studies<\/i>, <i>3<\/i>(4), 200-219. Al Mufarreh, R. (2023). Is Syntax Separate or Shared Between Arabic and English? Syntactic Priming in Arabic-English Bilinguals. <i>Theory and Practice in Language Studies<\/i>, <i>13<\/i>(10), 2468-2481. Al Mufarreh, R. (2024). Cultural courtesies: Decoding politeness formulas in the Aseer dialect of Arabic. <i>Journal of Research in Language &amp; Translation<\/i>, <i>4<\/i>(1), 38-62. Retrieved from <a href=\"https:\/\/jrlt.ksu.edu.sa\/sites\/jrlt.ksu.edu.sa\/files\/users\/user975\/Al%20Mufarreh%202024.pdf\" target=\"_blank\" rel=\"noopener noreferrer\" data-auth=\"NotApplicable\" data-linkindex=\"2\">https:\/\/jrlt.ksu.edu.sa\/sites\/jrlt.ksu.edu.sa\/files\/users\/user975\/Al%20Mufarreh%202024.pdf<\/a> Al Mufarreh, R (accepted for publication) From Lockdown to Laugh-town: Analyzing Saudi\u2019s Humorous Memes during the COVID-19 Crisis\n<\/details>\n<\/div><\/div>\n\n\n\n<div class=\"wp-block-media-text is-stacked-on-mobile\" style=\"grid-template-columns:16% auto\"><figure class=\"wp-block-media-text__media\"><img loading=\"lazy\" decoding=\"async\" width=\"300\" height=\"332\" src=\"https:\/\/portal.kre.hu\/dndipvac2024\/wp-content\/uploads\/2024\/03\/nagy_karoly.jpg\" alt=\"\" class=\"wp-image-297 size-full\" srcset=\"https:\/\/portal.kre.hu\/dndipvac2024\/wp-content\/uploads\/2024\/03\/nagy_karoly.jpg 300w, https:\/\/portal.kre.hu\/dndipvac2024\/wp-content\/uploads\/2024\/03\/nagy_karoly-271x300.jpg 271w\" sizes=\"auto, (max-width: 300px) 100vw, 300px\" \/><\/figure><div class=\"wp-block-media-text__content\">\n<p><b><span style=\"color:black\">NAME:<\/span><\/b><span style=\"color:black\"> <\/span>K\u00e1roly&nbsp;NAGY<\/p>\n\n\n\n<p><b><span style=\"color:black\">INSTITUTION:<\/span><\/b><span style=\"color:black\"> &nbsp;<\/span>Eotvos Lorand University<\/p>\n\n\n\n<details>\n<summary><strong>SHORT BIOGRAPHY:<\/strong><\/summary>\n<\/details>\n\n\n\n<div style=\"height:30px\" aria-hidden=\"true\" class=\"wp-block-spacer\"><\/div>\n\n\n\n<p><b><span style=\"color:black\">TITLE:<\/span><\/b><span style=\"color:black\"> <\/span>The critical analysis of construction of Turkish national identity in the 2016 translated english republic day speech of recep tayyip erdogan<\/p>\n\n\n\n<details>\n<summary><strong>ABSTRACT:<\/strong><\/summary>\nPoliticians often use language and discourse to strengthen their positions, power structures and political ideologies. Critical Discourse Analysis looks at political discourse with the aim to critique the connection of discourse and power (Fairclough, 2015) and to reveal hidden meaning in discourse. The theoretical framework, called the Discourse-Historical Approach (DHA) was applied for analysis of power and ideologies within discourse because it connect different levels of communication through lexical, topical, semantic and pragmatic analysis by investigating the micro-level strategies in communication (discourse and language use) and the macro-level features (e.g., power, dominance, and inequality; van Dijk, 2015). In order to reveal the features resulting from the interplay between these two levels of discourse, the political speech of one of the most influential politicians in Turkish history, namely Recep Tayyip Erdogan, the current president of Turkey, has been chosen as the corpus of this study. To be able to detect the global repercussions of his ideologies or of the ensuing ideological changes, the translated English versions of the aforementioned politician was analysed in this study. This study\u2019s aim was to analyse the argumentative strategies employed by Erdogan in his 2016 Republic Day speech. Through argumentative topics, in other words topoi (recurrent themes, arguments, or motifs) along with their lexical realisations, which were used for the construction of the ideology of national identity. Through the help of DHA excerpts were used from the corpus and the topoi of history, definition, comparison threat and favourable time were identified in the highest ration. The interplay of these topoi enabled Turks to develop a deep sense of connection and pride towards their nation. The topoi structures allowed them to reflect understand the distinctiveness of their national identity, its historical context and favourable time.\n<br \/>\n<\/details>\n\n\n\n<details>\n<summary><strong>REFERENCES:<\/strong><\/summary>\nAhmad, F. (2014). <em>Turkey: The quest for identity.<\/em> Oneworld.<br \/>\nBaker, M. (1993). Corpus linguistics and translation studies. Implications and applications. In M. Baker, G. Francis, &#038; E. Rognini-Bonelli (Eds.), <em>Text and technology<\/em> (pp. 233\u2013243). John Benjamins.<br \/>\nBalci, B., &#038; Yavuz, M. H. (2018). <em>Turkey&#8217;s July 15th coup<\/em>: What happened and why. University of Utah Press.<br \/>\n\u00c7ag\u0306aptay, S. (2020). <em>Erdogan&#8217;s empire: Turkey and the politics of the Middle East. I.B. Tauris.<\/em><br \/>\nFairclough, I., &#038; Fairclough, N. (2012). <em>Political discourse analysis: A method for advanced students<\/em>. Routledge.<br \/>\nFairclough, N. (2015). <em>Language and power<\/em>. Routledge.<br \/>\nFairclough, N., &#038; Wodak, R. (1997). Critical discourse analysis. In T. A. van Dijk (Ed.), <em>Discourse studies: A multidisciplinary introduction: Volume 2: Discourse as social interaction<\/em>. (pp. 259\u2013283). SAGE.<br \/>\nFromkin, D. (2009). <em>A peace to end all peace: The fall of the ottoman Empire and the creation of the modern Middle East<\/em>. H. Holt and Co.<br \/>\nHall, S. (1996). The question of cultural identity. In S. Hall, D. Held, D. Hubert &#038; K. Thompson (Eds.), <em>Modernity: An introduction to modern societies<\/em> (pp. 595\u2013634). Blackwell.<br \/>\nHeywood, A. (2011). <em>Siyaset<\/em>. Adres Yay\u0131nlar\u0131.<br \/>\nKonuralp, E. (2013). Ecevit ve Milliyet\u00e7ilik. Togan Yay\u0131nlar\u0131<br \/>\nK\u00f6kt\u00fcrk, M. (2016). Millet ve Milliyet\u00e7ilik. \u00d6t\u00fcken Ne\u015friyat<br \/>\nKress, G. (1985). Ideological structures in discourse. In T. A. van Dijk (Ed.), <em>Handbook of discourse analysis: Discourse analysis in society<\/em> (pp. 27\u201343). Academic Press.<br \/>\nRenan, E. (1990). What is a nation? In H. K. Bhabha (Ed.), <em>Nation and narration<\/em> (pp. 8\u201322). Routledge<br \/>\nReisigl, M. &#038; Wodak, R. (2001). <em>Discourse and Discrimination: Rhetorics of Racism and Anti-Semitism<\/em>. Routledge.<br \/>\nVadai, K. (2017). Critical discourse analysis for language education: Unveiling power, ideology and manipulation in political discourse. <em>Working Papers in Language Pedagogy, 11<\/em>, 96\u2013138. <a href=\"https:\/\/langped.elte.hu\/WoPaLParticles\/W11Vadai.pdf\" target=\"_blank\" rel=\"noopener\">https:\/\/langped.elte.hu\/WoPaLParticles\/W11Vadai.pdf<\/a><br \/>\nvan Dijk, T. A. (2001a). Multidisciplinary CDA: A plea for diversity. In R. Wodak &#038; M. Meyer (Eds.), <em>Methods of critical discourse analysis<\/em> (pp. 95\u2013120). SAGE.<br \/>\nvan Dijk, T. (2001b). Discourse, ideology and context. <em>Folia Linguistica, 35<\/em>(1-2), 11\u201340.<br \/>\n<a href=\"https:\/\/doi.org\/10.1515\/flin.2001.35.1-2.11\" target\"_blank\">https:\/\/doi.org\/10.1515\/flin.2001.35.1-2.11<\/a><br \/>\nvan Dijk, T. A. (2006a). Discourse and manipulation. <em>Discourse &#038; Society, 17<\/em>(3), 359\u2013383. <a href=\"https:\/\/doi.org\/10.1177\/0957926506060250\" target=\"_blank\" rel=\"noopener\">https:\/\/doi.org\/10.1177\/0957926506060250<\/a><br \/>\nvan Dijk, T. A. (2015). Critical discourse analysis. In D. Tannen, H. E. Hamilton &#038; D. Schriffin (Eds.) <em>The handbook of discourse analysis<\/em> (pp. 466\u2013485). Wiley Blackwell.<br \/>\nWodak, R. (2001). The discourse-historical approach. In R. Wodak and M. Meyer (Eds.), <em>Methods of critical discourse analysis,<\/em> (pp. 62-94). London.\nWodak, R. (2006). History in the making\/The making of history: The \u2018German Wehrmacht\u2019 in collective and individual memories in Austria. <em>Journal of Language and Politics, 5<\/em>(1), 125\u2013154. <a href=\"https:\/\/doi.org\/10.1075\/jlp.5.1.08wod\" target=\"_blank\" rel=\"noopener\">https:\/\/doi.org\/10.1075\/jlp.5.1.08wod<\/a><br \/>\nWodak, R. (2009). <em>The Discourse of Politics in Action<\/em>. Palgrave Macmillan.\nWodak, R. (2011). Suppression of the Nazi past, coded languages, and discourses of silence: Applying the discourse-historical approach to post-war anti-semitism in Austria. In D. M. Seymour &#038; M. Camino (Eds.), <em>The Holocaust in the twenty-first century<\/em> (pp. 197\u2013220). Routledge.<br \/>\nWodak, R. (2015). <em>The Politics of Fear: What Right\u2010Wing Populist Discourses Mean.<\/em> Sage.<br \/>\nWodak, R., De Cillia, R., &#038; Reisigl, M. (2009).<em> The discursive construction of national identity<\/em>. Edinburgh University Press.<br \/>\nWodak, R., Nowak, P., Pelikan, J., Gruber, H., de Cillia, R., &#038; Mitten, R. (1990). <em>Wir sind alle unschuldige T\u00e4ter: Diskurshistorische Studien zum Nachkriegsantisemitismus<\/em> [&#8222;We are all innocent perpetrators&#8221; Discourse historic studies in post war antisemitism]. Suhrkamp.\n<br \/>\n<\/details>\n\n\n\n<details>\n<summary><strong>RECENT PUBLICATIONS:<\/strong><\/summary>\nNagy, K. (2023, June). The Discourse-Historical Approach and Ideologies in the Speeches of Turkish Presidents. In <em>Linguistic Forum-A Journal of Linguistics<\/em> (Vol. 5, No. 2, pp. 57-84).<br \/>\nNagy, K. (2023). Understanding political concepts through Critical Discourse Analysis: Ideologies concerning Turkish National Identity in the speeches of Mustafa Kemal Ataturk and Recep Tayyip Erdogan. <em>ALKALMAZOTT NYELVTUDOM\u00c1NY, 2023<\/em>(2. klsz), 212-231.\n<\/details>\n<\/div><\/div>\n\n\n\n<div class=\"wp-block-media-text is-stacked-on-mobile\" style=\"grid-template-columns:16% auto\"><figure class=\"wp-block-media-text__media\"><img loading=\"lazy\" decoding=\"async\" width=\"798\" height=\"1024\" src=\"https:\/\/portal.kre.hu\/dndipvac2024\/wp-content\/uploads\/2024\/03\/TOD-Photo-798x1024.jpg\" alt=\"\" class=\"wp-image-284 size-full\" srcset=\"https:\/\/portal.kre.hu\/dndipvac2024\/wp-content\/uploads\/2024\/03\/TOD-Photo-798x1024.jpg 798w, https:\/\/portal.kre.hu\/dndipvac2024\/wp-content\/uploads\/2024\/03\/TOD-Photo-234x300.jpg 234w, https:\/\/portal.kre.hu\/dndipvac2024\/wp-content\/uploads\/2024\/03\/TOD-Photo-768x986.jpg 768w, https:\/\/portal.kre.hu\/dndipvac2024\/wp-content\/uploads\/2024\/03\/TOD-Photo-1197x1536.jpg 1197w, https:\/\/portal.kre.hu\/dndipvac2024\/wp-content\/uploads\/2024\/03\/TOD-Photo-1596x2048.jpg 1596w, https:\/\/portal.kre.hu\/dndipvac2024\/wp-content\/uploads\/2024\/03\/TOD-Photo.jpg 1622w\" sizes=\"auto, (max-width: 798px) 100vw, 798px\" \/><\/figure><div class=\"wp-block-media-text__content\">\n<p><b><span style=\"color:black\">NAME:<\/span><\/b><span style=\"color:black\"> <\/span>Taofeek O. DALAMU, PhD<\/p>\n\n\n\n<p><b><span style=\"color:black\">INSTITUTION:<\/span><\/b><span style=\"color:black\"> Anchor University, Lagos Nigeria<\/span><\/p>\n\n\n\n<details>\n<summary><strong>SHORT BIOGRAPHY:<\/strong><\/summary>\nDr. Taofeek Dalamu obtained a Ph.D. in English Language from the University of Lagos. As a faculty member, he currently teaches English at the Department of Languages &amp; Linguistics, Anchor University, Lagos, Nigeria. This individual specialises in Systemic Functional Linguistics, as applicable to Discourse Analysis, Multimodality, Social Semiotics, and Digital Humanities in relation, mostly, to advertising communications. As a functional social semiotician, Dr. Dalamu exhibits a variety of over 55 publications in reputable international journals across the globe. See: www.hq.ssrn.com\/taofeekdalamu\/papers, www.academia.com\/taofeekdalamuuniversityoflagos, and www.researchgate.net.cdn\/taofeekdalamu. kkk\n<\/details>\n\n\n\n<div style=\"height:30px\" aria-hidden=\"true\" class=\"wp-block-spacer\"><\/div>\n\n\n\n<p><b><span style=\"color:black\">TITLE:<\/span><\/b><span style=\"color:black\"> <\/span>Advertising Agenda: An Expression of Multimodality Landscapes<\/p>\n\n\n\n<details>\n<summary><strong>ABSTRACT:<\/strong><\/summary>\nMultimodality is a growing field in the domain of visual communications. That view influences this study to focus on the activities of semiotic designers regarding the choice of texts \u2013 written modes and images, employed to communicate readers. The concept of affordances (Baldry &amp; Thibault, 2010; Forceville, 2020) operates as the framework for elucidating the contributions of semiotic resources in the analysed advertisements. In addition, the application of ideational strengths to the written modes provides a leeway for quantifying the wording parameters into tables and graphs (Kress &amp; van Leeuwen, 2021). This study manifests material processes (<em>Strengthens enamel<\/em>) and relational processes (<em>you\u2019re asleep<\/em>), being the eminent texts, as the circumstances of location (<em>in everyday food; each week<\/em>), and cause (<em>for silky skin<\/em>) enhance the clauses (Halliday &amp; Matthiessen, 2014). Apart from the splintered structures of some written modes (<em>Lux<\/em>; <em>Nivea body milk<\/em>), deviant coinages such as <em>beta<\/em> (better) and <em>konfydens<\/em> (confidence) elucidate the semiotic creative freedom of the communication designers to construct meanings. The pictures of young ladies dominate the advertisements, seducing the audience into consumption (Bateman, 2014; Bateman, Wildfeuer &amp; Hiippala, 2017). Moreover, <em>Coca-Cola<\/em> deploys a dog-like specie to fascinate readers. The dog-like phenomenon functions as transduction affordance, performing human responsibilities. The images of colour such as blue, red, pink, and grey are evident in the semiotic systems to signify excellence, satisfaction, tranquility, serenity, and acceptance (Feisner, 2006). Therefore, one might use this medium to call for a critical theorisation of colours in social semiotics, which might assist designers in the appropriate application of colour in meaning making.\n<\/details>\n\n\n\n<details>\n<summary><strong>REFERENCES:<\/strong><\/summary>\nBaldry, S., &amp; Thibault, P. (2010). <em>Multimodal transcription and text analysis.<\/em> Equinox.<br \/>Bateman, J. (2014). <em>Text and image: A critical introduction to the visual\/verbal divide. <\/em>Routledge.<br \/>Bateman, J., Wildfeuer, J., &amp; Hiippala, T. (2017). <em>Multimodality: Foundations, research and analysis.<\/em> De Gruyter Mouton.<br \/>Feisner A. (2006). <em>Color: How to use color in art and design.<\/em> Laurence King Publishing.<br \/>Forceville, C. (2020). <em>Visual and multimodal communication: applying the relevance principle.<\/em> Oxford: OUP.<br \/>Halliday, M., &amp; Matthiessen, C. (2014). <em>Halliday\u2019s introduction to functional grammar.<\/em> Routledge.<br \/>Kress, G., &amp; van Leeuwen, T. (2021). <em>Reading images: A grammar of visual design<\/em>. Routledge.\n<\/details>\n\n\n\n<details>\n<summary><strong>RECENT PUBLICATIONS:<\/strong><\/summary>\n<ol>\n<li>Dalamu, T. O., &amp; Ayoola, T. A. (2024). The Lingua-Historical Perspective of the Evolution of Afrobeat from <em>Fela-Anikulapo-Kuti<\/em> to <em>Portable<\/em>. <em>Humanus Discourse<\/em> 4(1), 1-38. [NIGERIA]<\/li>\n<li>Dalamu, T. O., &amp; Yang, K. (2023). Exploring 2020 #ENDSARS Protests\u2019 Components in Nigeria within the Schematics of Social Semiotics. <em>Revista de Estudos da Linguagem<\/em> 3<em>2<\/em>(4), xx-xx. [BRAZIL, in press].<\/li>\n<li>Dalamu, T. O., &amp; Ayoola, T. A. (2023). Parasitism: A Historical Semiosis of Advertising Communications. <em>Journal of Cultural and Creative 1ndustries <\/em>4(1), 1-43. DOI: <span><a href=\"https:\/\/doi.org\/10.21134\/jcci.v4i1.2007\">https:\/\/doi.org\/10.21134\/jcci.v4i1.2007<\/a><\/span> [SPAIN].<\/li>\n<li>Dalamu, T. O. (2023b). Colour grammatical effects on advertising nuances: A social semiotic analysis. In To, V., Amundrud, T., &amp; Humphrey, S. (Eds.). <em>Systemic functional linguistics theory and application in global contexts: Selected papers from the 1st international online systemic functional linguistics interest group conference.<\/em> University of Tasmania, (pp. 207-228). DOI: <span><a href=\"https:\/\/doi.org\/10.25959\/MKMC-2C45\">https:\/\/doi.org\/25959\/MKMC-2C45<\/a><\/span> [AUSTRALIA]<\/li>\n<li>Dalamu, T. O. (2023a). Mode, the Hub of Multimodality: A Case Study of Oral-B\u00ae Toothpaste Advertising. <em>DELTA, 39<\/em>(2), 1-35. <a href=\"https:\/\/www.scielo.br\/j\/delta\/a\/5hBQ6dLh8Z7J3h8gZLwD76L\/?lang=en\">https:\/\/www.scielo.br\/j\/delta\/a\/5hBQ6dLh8Z7J3h8gZLwD76L\/?lang=en<\/a> or <a href=\"https:\/\/doi.org\/10.1590\/1678-460X202339253786\">https:\/\/doi.org\/10.1590\/1678-460X202339253786<\/a> [BRAZIL].<\/li>\n<li>Dalamu, T. O., &amp; Yang, K. (2022b). Advertising: An Entity of Business Discourse. <em>Ethical Lingua, 9<\/em>(2), 723-742. DOI: <span><a href=\"http:\/\/doi.org\/10.30605\/25409190.378\">http:\/\/doi.org\/10.30605\/25409190.378<\/a><\/span> [INDONESIA]<\/li>\n<li>Dalamu, T. O., &amp; Yang, K. (2022a). Advertising Linguistics Framework: An Instrument of Teaching Grammar in EFL University Classrooms. <em>Crossroads: A Journal of English Studies, 38<\/em>(2022), 58-89. DOI: <span><a href=\"http:\/\/doi.org\/10.15290\/CR.2022.38.3.04\">http:\/\/doi.org\/10.15290\/CR.2022.38.3.04<\/a><\/span>\u00a0 [POLAND).\u00a0<\/li>\n<li>Dalamu, T. O. (2021b). Social Semiotic Genre: Exploring the Interplay of Words and Images in Advertising. <em>AFLLM<\/em>, <em>11<\/em>, 19-51. DOI: <a href=\"http:\/\/doi.org\/10.1344\/AFLM2021.11.2\">http:\/\/doi.org\/10.1344\/AFLM2021.11.2<\/a>. [SPAIN]<\/li>\n<li>Dalamu, T. O., &amp; Ogunlusi, G. (2020g). Revitalising Cultural Characteristics in Advertising in Nigeria within a Sketch of Systemic Paradigm. <em>Anagramas Rumbos Y Sentidos De La Comunicaci\u00f3n, 19<\/em>(37), 13-48. DOI: <span><a href=\"https:\/\/doi.org\/10.22395\/angr.v19n37a2\">https:\/\/doi.org\/10.22395\/angr.v19n37a2<\/a><\/span>. [COLOMBIA].<\/li>\n<li>Dalamu, T. O. (2020d). Black: A Persuasive Metaphor in Guinness Stout\u2019s Advertisements in Nigeria. <em>Revista de Humanudades, 40<\/em>(2020), 37-68. DOI:\u00a0<span><a href=\"https:\/\/doi.org\/10.5944\/rdh.40.2020.21415\">https:\/\/doi.org\/10.5944\/rdh.40.2020.21415<\/a><\/span> (SPAIN) \u2013<\/li>\n<li>Dalamu, T. O. (2020b). Investigating Multilingual Contexts in the Nigerian Advertising Space: A Domain of Intellectual Stimulation. <em>Crossroads: A Journal of English Studies, 29<\/em>(2), 4-26. DOI:<span><a href=\"https:\/\/doi.org\/10.15290\/cr.2020.29.2.01\">15290\/cr.2020.29.2.01<\/a><\/span> [POLAND].<\/li>\n<li>Dalamu, T. O. (2020a). Discoursing Children Characteristics of Zenith Bank<sup>\u00ae<\/sup>, Nigeria, Advertising: An Expression of Clause as Representation.<em> Journal of Language and Linguistic Studies, 16(<\/em>1), 333-365. <span><a href=\"https:\/\/www.jlls.org\/index.php\/jlls\/article\/view\/1271\">https:\/\/www.jlls.org\/index.php\/jlls\/article\/view\/1271<\/a><\/span> [TURKEY] <\/li>\n<\/ol>\n<\/details>\n<\/div><\/div>\n\n\n\n<div class=\"wp-block-media-text is-stacked-on-mobile\" style=\"grid-template-columns:16% auto\"><figure class=\"wp-block-media-text__media\"><img loading=\"lazy\" decoding=\"async\" width=\"665\" height=\"818\" src=\"https:\/\/portal.kre.hu\/dndipvac2024\/wp-content\/uploads\/2024\/03\/Sebok-M.-kep-almanach-300-2.jpg\" alt=\"\" class=\"wp-image-330 size-full\" srcset=\"https:\/\/portal.kre.hu\/dndipvac2024\/wp-content\/uploads\/2024\/03\/Sebok-M.-kep-almanach-300-2.jpg 665w, https:\/\/portal.kre.hu\/dndipvac2024\/wp-content\/uploads\/2024\/03\/Sebok-M.-kep-almanach-300-2-244x300.jpg 244w\" sizes=\"auto, (max-width: 665px) 100vw, 665px\" \/><\/figure><div class=\"wp-block-media-text__content\">\n<p><b><span style=\"color:black\">NAME:<\/span><\/b><span style=\"color:black\"> Melinda SEB\u0150K&nbsp;<\/span><\/p>\n\n\n\n<p><b><span style=\"color:black\">INSTITUTION:<\/span><\/b><span style=\"color:black\"> K\u00e1roli G\u00e1sp\u00e1r University of the Reformed Church in Hungary&nbsp;<\/span><\/p>\n\n\n\n<details>\n<summary><strong>SHORT BIOGRAPHY:<\/strong><\/summary>\n\n<\/details>\n\n\n\n<div style=\"height:30px\" aria-hidden=\"true\" class=\"wp-block-spacer\"><\/div>\n\n\n\n<p><b><span style=\"color:black\">TITLE:<\/span><\/b><span style=\"color:black\"> <\/span>Pragmatic aspects of silence in J\u00e1nos Pilinszky&#8217;s art<\/p>\n\n\n\n<details>\n<summary><strong>ABSTRACT:<\/strong><\/summary>\nWhen Ferenc Szab\u00f3 examines the central issues of Christianity in the intellectual context of modernity in his book Christianity and Modernity, he highlights that literature in its discourse always reinterprets its doubts about God, the transcendent, arising from existential experience. Although Pilinszky tries to express the brokenness of the theological interpretation tradition of literature with the statement &#8222;I am a poet and Catholic&#8221;, the world of experience expressed in his art can be considered Catholic, since a Catholic worldview shaped not only his poetry, but also his stagecraft. Pilinszky is an artist in search of redemption, his laconic works express human passion even at the risk of silence. Several examples of the poetics of silence can be observed in his art, such as lack of communication, the speechlessness, the muteness, action without words, articulate silence or transcendent tranquillity. In their pragmatic approach, silence also has a communicative function. The presentation examines the pragmatic aspects of silence in J\u00e1nos Pilinszky&#8217;s texts.<br \/>\n<\/details>\n\n\n\n<details>\n<summary><strong>REFERENCES:<\/strong><\/summary>\n<br \/>\n<\/details>\n\n\n\n<details>\r\n<summary><strong>RECENT PUBLICATIONS:<\/strong><\/summary>\r\n<\/details>\n<\/div><\/div>\n\n\n\n<div class=\"wp-block-media-text is-stacked-on-mobile\" style=\"grid-template-columns:16% auto\"><figure class=\"wp-block-media-text__media\"><img loading=\"lazy\" decoding=\"async\" width=\"300\" height=\"343\" src=\"https:\/\/portal.kre.hu\/dndipvac2024\/wp-content\/uploads\/2024\/03\/anna-zieba.jpg\" alt=\"\" class=\"wp-image-288 size-full\" srcset=\"https:\/\/portal.kre.hu\/dndipvac2024\/wp-content\/uploads\/2024\/03\/anna-zieba.jpg 300w, https:\/\/portal.kre.hu\/dndipvac2024\/wp-content\/uploads\/2024\/03\/anna-zieba-262x300.jpg 262w\" sizes=\"auto, (max-width: 300px) 100vw, 300px\" \/><\/figure><div class=\"wp-block-media-text__content\">\n<p><b><span style=\"color:black\">NAME:<\/span><\/b><span style=\"color:black\"> Anna <\/span>ZI\u0118BA<\/p>\n\n\n\n<p><b><span style=\"color:black\">INSTITUTION:<\/span><\/b><span style=\"color:black\"> <\/span>Adam Mickiewicz University<span style=\"color:black\">&nbsp;<\/span><\/p>\n\n\n\n<details>\n<summary><strong>SHORT BIOGRAPHY:<\/strong><\/summary>\n<strong><em>Anna Zieba<\/em><\/strong> is Assistant Professor and a researcher at the Faculty of Ethnolinguistics at Adam Mickiewicz University (Poznan, Poland). She holds a PhD in applied linguistics. Her research interests concern visual and multimodal representation of concepts and practices. This allows her to combine her job with her other passions i.e. photography and interior design. The author of <em>The impact of national culture on press news<\/em> and a holder of the Polish Ministry of Science and Higher Education Grant, and the Clifford and Mary Corbridge Trust Scholarship (Cambridge University).She has published in renowned journals in the field of <em>Social Semiotics: Social Semiotics and Visual Communication<\/em>. An active participant in numerous international conferences on Systemic Functional Linguistics.\n<\/details>\n\n\n\n<div style=\"height:30px\" aria-hidden=\"true\" class=\"wp-block-spacer\"><\/div>\n\n\n\n<p><b><span style=\"color:black\">TITLE:<\/span><\/b><span style=\"color:black\"> <\/span>Metaverse Metamorphosis: A Critical Exploration of Advertising Discourse and Societal Dynamics in the Digital Realm<\/p>\n\n\n\n<details>\n<summary><strong>ABSTRACT:<\/strong><\/summary>\nThis research study focuses on the evolving discourse of the metaverse and its impact on the way we perceive and represent things in the digital world. It explores the dynamic relationship between societal changes and technological advancements and emphasizes the influence of the new digital space on perception and representation within its boundaries. The study is mainly concerned with advertising discourse (Eyada, 2023; Gursoy et al., 2023; Kadry, 2022; Kim, 2021), with a case study of a campaign organized on one of the metaverse platforms. The research aims to reveal the changes brought about by the exceptional potential of the digital environment, whose construction provides developers with heightened control over user experience and introduces innovative approaches to directing attention. The findings also shed light on reception and comprehension dynamics, including aspects such as multisensory overload and somatosensory mismatch, which influence user interactions in virtual environments. <br \/>Using a multimodal social semiotic framework (Hodge &amp; Kress, 1988; Jewitt &amp; Henriksen, 2016; Kress &amp; van Leeuwen, 2001; Kress, 2009), this study delves into the translation of discourses from real-world restaurant advertising into a virtual one and scrutinizes how language, both visual and verbal, adapts to metaverse-induced transformations. Additionally, it adopts a critical approach, examining how the complex interplay of visual and verbal elements reflects and reinforces societal power relations. For instance, it discusses how dominant groups may utilize the platforms to maintain power and privilege and how marginalized groups leverage blockchain technology to resist and challenge entrenched power structures.<br \/>\n<\/details>\n\n\n\n<details>\n<summary><strong>REFERENCES:<\/strong><\/summary>\nEyada, B. (2023). Advertising in the Metaverse: Opportunities and Challenges. <em>International Journal of Marketing Studies<\/em>, <em>15<\/em>(1), 22-30.<br \/>Gursoy, D., Lu, L., Nunkoo, R., &amp; Deng, D. (2023). Metaverse in services marketing: an overview and future research directions. <em>The Service Industries Journal<\/em>, <em>43<\/em>(15-16), 1140-1172.<br \/>Hodge, R. I. V., &amp; Kress, G. R. (1988). <em>Social semiotics<\/em>. Cornell University Press.<br \/>Jewitt, C., &amp; Henriksen, B. (2016). Social semiotic multimodality. <em>Handbuch sprache im multimodalen Kontext<\/em>, <em>7<\/em>, 145-153.<br \/>Kadry, A. (2022). The metaverse revolution and its impact on the future of advertising industry. <em>Journal of Design Sciences and Applied Arts<\/em>, <em>3<\/em>(2), 131-139.<br \/>Kim, J. (2021). Advertising in the metaverse: Research agenda. <em>Journal of Interactive Advertising<\/em>, <em>21<\/em>(3), 141-144. <br \/>Kress, G. R., &amp; Van Leeuwen, T. (2001). <em>Multimodal discourse: The modes and media of contemporary communication.<\/em>\u00a0Arnold.<br \/>Kress, G. (2009). <em>Multimodality: A social semiotic approach to contemporary communication<\/em>. Routledge.\n<br \/>\n<\/details>\n\n\n\n<details>\n<summary><strong>RECENT PUBLICATIONS:<\/strong><\/summary>\n1. Zieba, A., Dzienisiewicz, D. (2023).\u00a0Urlop w PRL-u: multimodalna analiza dyskursu polskich widok\u00f3wek z okresu 1945\u20131989. <i>Napis:Pisane \u015bwiat\u0142em. Fotografia \u2013 tekst i kontekst<\/i>, 29,\u00a0ss. 45-70. doi: <a href=\"https:\/\/doi.org\/10.18318\/napis.2023.1.3\" target=\"_blank\" rel=\"noopener noreferrer\" data-auth=\"NotApplicable\" data-linkindex=\"2\">https:\/\/doi.org\/10.18318\/napis.2023.1.3<\/a> <br \/>2. Zieba, A. (2021). Book review: To See and Be Seen: The Environments, Interactions and Identities behind News Images. <i>Visual Communication<\/i>. <a href=\"https:\/\/doi.org\/10.1177%2F1470357221996400\" target=\"_blank\" rel=\"noopener noreferrer\" data-auth=\"NotApplicable\" data-linkindex=\"3\">https:\/\/doi.org\/10.1177\/1470357221996400<br \/><\/a>*\u00a0Zieba, A. (2023). Book review: To See and Be Seen: The Environments, Interactions and Identities behind News Images. Visual Communication, 22(4), 725-728. <a href=\"https:\/\/doi.org\/10.1177\/1470357221996400\">https:\/\/doi.org\/10.1177\/1470357221996400<br \/><\/a>3. Zi\u0119ba, A. (2020). Visual representation of happiness: a sociosemiotic perspective on stock photography. W: <i>Social Semiotics<\/i>, 1-21.<a href=\"https:\/\/doi.org\/10.1080\/10350330.2020.1788824\" target=\"_blank\" rel=\"noopener noreferrer\" data-auth=\"NotApplicable\" data-linkindex=\"4\">https:\/\/doi.org\/10.1080\/10350330.2020.1788824<\/a>\u00a0<br \/>*\u00a0Zieba, A. (2023) Visual representation of happiness: a sociosemiotic perspective on stock photography, Social Semiotics, 33:1, 188-208, DOI: 10.1080\/10350330.2020.1788824\n<\/details>\n<\/div><\/div>\n\n\n\n<div class=\"wp-block-media-text is-stacked-on-mobile\" style=\"grid-template-columns:16% auto\"><figure class=\"wp-block-media-text__media\"><img loading=\"lazy\" decoding=\"async\" width=\"300\" height=\"411\" src=\"https:\/\/portal.kre.hu\/dndipvac2024\/wp-content\/uploads\/2024\/04\/Paloma-Cardoso.jpg\" alt=\"\" class=\"wp-image-353 size-full\" srcset=\"https:\/\/portal.kre.hu\/dndipvac2024\/wp-content\/uploads\/2024\/04\/Paloma-Cardoso.jpg 300w, https:\/\/portal.kre.hu\/dndipvac2024\/wp-content\/uploads\/2024\/04\/Paloma-Cardoso-219x300.jpg 219w\" sizes=\"auto, (max-width: 300px) 100vw, 300px\" \/><\/figure><div class=\"wp-block-media-text__content\">\n<p><b><span style=\"color:black\">NAME:<\/span><\/b><span style=\"color:black\"> <\/span>Paloma Batista Cardoso<\/p>\n\n\n\n<p><b><span style=\"color:black\">INSTITUTION:<\/span><\/b><span style=\"color:black\"> <\/span>Federal University of Sergipe<\/p>\n\n\n\n<details>\n<summary><strong>SHORT BIOGRAPHY:<\/strong><\/summary>\n<strong><em>Paloma Cardoso<\/em><\/strong> has a License in Letters\/ Portuguese (2013-2018), by the Federal University of Sergipe, Brazil, and a Master&#8217;s degree in Linguistics (2019-2021). Currently, she is a PhD researcher at the same institution (2021-currently). She has experience with syntax and pragmatics. Now, she is developing a thesis whose objective is, in a multimodal approach, to investigate the relationship between face, hand gestures and negation in Brazilian Portuguese.\n<\/details>\n\n\n\n<div style=\"height:30px\" aria-hidden=\"true\" class=\"wp-block-spacer\"><\/div>\n\n\n\n<p><b><span style=\"color:black\">TITLE:<\/span><\/b><span style=\"color:black\"> <\/span>Negativas: a prototype for searching and classifying negative structures with \u2018n\u00e3o\u2019 in speech data<\/p>\n\n\n\n<details>\n<summary><strong>ABSTRACT:<\/strong><\/summary>\nNegation is common to all natural languages. In Brazilian Portuguese (BP), it can be expressed by n\u00e3o in pre-verbal (NEG1), double (NEG2), and post-verbal (NEG3) positions. From a variationist perspective, these three negative structures are three forms to express opposition. From a pragmatic perspective, NEG1, NEG2, and NEG3 assume different communicative functions, such as politeness. Traditionally, studies about negation with n\u00e3o use small samples as database, given the difficulty of handling the large volume of data generated by this type of linguistic documentation. As a result, conclusions about the use and functions of NEG1, NEG2 and NEG3 are based on subjective, non-generalizable interpretations, which undermines the understanding of this phenomenon. To deal with this problem, the tool negativas was developed. It enables the automatic search for NEG1, NEG2, and NEG3 with a success rate of 93%. Besides problems related to the recognizing of boundaries and prosodic features that could not be learned by artificial intelligence, we believe that this tool has the potential to automate the description of a large volume of data on negative structures with n\u00e3o in BP<br \/>\n<\/details>\n\n\n\n<details>\n<summary><strong>REFERENCES:<\/strong><\/summary>\nBrugman, H., Russel, A., &#038; Nijmegen, X. (2004). Annotating Multi-media\/Multi-modal Resources with ELAN. In LREC (pp. 2065-2068).<br \/>\nCardoso, P. B. (2023). Speech, hand, and facial gestures: a proposal of a multimodal approach to describe negative structures with n\u00e3o in Brazilian Portuguese. Revista de Estudos da Linguagem, v. 31, n. 2, p. 719-763. Caseli, H., Freitas, C., &#038; Viola, R. (2022). Natural Language Processing. Brazilian Computer Society.<br \/>\nDahl, \u00d6. (2010). Typology of negation. InLaurence R. Horn (ed.), The expression of negation, 9-38.<br \/>\nFreitag, R. M. K. (2013). Banco de dados Falares Sergipanos. Working Papers in Linguistics, 14(2), 156-164.<br \/>\nGoldnadel, M. (2016). Pragmatic functions of double negation utterances: analysis of data from Curitiba (PR). Virtual journal of language studies-ReVEL. Novo Hamburgo, RS. Vol. 14, nesp 13 (nov. 2016), p. 144-180.<br \/>\nHonnibal, M., Montani, I., Van Landeghem, S., and Boyd, A. (2020). spaCy: Industrial-strength Natural Language Processing in Python.<br \/>\nMcShane, M.; Nirenburg, S. (2021). Linguistics for the Age of AI. Mit Press.\nPedregosa, F., Varoquaux, G., Gramfort, A., Michel, V., Thirion, B., Grisel, O., &#8230; &#038; Duchesnay, E. (2011). Scikit-learn: Machine learning in Python. The Journal of machine Learning research, 12, 2825-2830.<br \/>\nPetry, P., Goldnadel, M.; Lamberti, L. (2021). Pragmatic functions of utterances with double negation in Porto Alegre at the end of the 20th century: a qualitative analysis of data extracted from sociolinguistic interviews. Journal of ABRALIN, 1-38.<br \/>\nUniversal dependencies for Portuguese. In Proceedings of the Fourth International Conference on Dependency Linguistics (Depling), pages 197-206, Pisa, Italy.<br \/>\nRocha, R. S. (2013). A dupla nega\u00e7\u00e3o no portugu\u00eas paulistano (PhD thesis, University of S\u00e3o Paulo).<br \/>\nSchwenter, S. A. (2005). The pragmatics of negation in Brazilian Portuguese. Lingua, 115(10), 1427-1456.\n<br \/>\n<\/details>\n\n\n\n<details>\n<summary><strong>RECENT PUBLICATIONS:<\/strong><\/summary>\nBatista Cardoso, P. (2023). Speech, hand, and facial gestures: a proposal of a multimodal approach to describe negative structures with n\u00e3o in Brazilian Portuguese. Revista de Estudos da Linguagem, 31(2).<br \/>\nFreitag, R. M. K., Cardoso, P. B., &#038; Tejada, J. (2022). Linguistic and paralinguistic constraints on the function of (eu) acho que as DM in Brazilian Portuguese: A multilevel approach. Pragmatics &#038; Cognition, 29(2), 324-346.\n<\/details>\n<\/div><\/div>\n\n\n\n<div class=\"wp-block-media-text is-stacked-on-mobile\" style=\"grid-template-columns:16% auto\"><figure class=\"wp-block-media-text__media\"><img loading=\"lazy\" decoding=\"async\" width=\"250\" height=\"253\" src=\"https:\/\/portal.kre.hu\/dndipvac2024\/wp-content\/uploads\/2024\/04\/thumbnail_BradMackay.jpg\" alt=\"\" class=\"wp-image-347 size-full\"\/><\/figure><div class=\"wp-block-media-text__content\">\n<p><b><span style=\"color:black\">NAME:<\/span><\/b><span style=\"color:black\"> Brad Mackay<\/span><\/p>\n\n\n\n<p><b><span style=\"color:black\">INSTITUTION:<\/span><\/b><span style=\"color:black\"> University of Salzburg<\/span><\/p>\n\n\n\n<details>\n<summary><strong>SHORT BIOGRAPHY:<\/strong><\/summary>\n<\/details>\n\n\n\n<div style=\"height:30px\" aria-hidden=\"true\" class=\"wp-block-spacer\"><\/div>\n\n\n\n<p><b><span style=\"color:black\">TITLE:<\/span><\/b><span style=\"color:black\"> Awareness and Sociolinguistic Monitoring: Comparing (ing), (t), Like, You Know and Pauses<\/span><\/p>\n\n\n\n<details>\n<summary><strong>ABSTRACT:<\/strong><\/summary>\nSociolinguistic monitoring is hypothesised to be a cognitive mechanism that tracks the speech signal for socially meaningful cues of variable features and monitors their frequency (Labov et al. 2011). Ideas about the monitor have been most widely tested in perception \u2013 in form of the matched-guise test in which the frequency of target features is manipulated, e.g. (ing) as -ing or -in. Labov et al. (2011) found speakers to be heard as more unprofessional with increasing numbers of \u2013in. Further work in this paradigm has found listeners\u2019 age (Labov et al. 2011), gender\/sex (Stecker 2020) and pragmatic language ability (Wagner &#038; Hesson 2014) as well as variable type (Levon &#038; Buchstaller 2015) and the variable\u2019s social salience (Levon &#038; Fox 2014) to impact evaluation.\n<br \/><br \/>\nIn this study, we continue exploring the workings of speech monitoring by focusing on the factor of awareness of the attitude target and the type of variable. In particular, we ask whether the evaluation we observe in (ing) and (t)-deletion is similar to the evaluation of speech planning features, e.g. filled and unfilled pauses (see Fruehwald 2016), and the discourse-pragmatic markers you know and like. The study includes 600 respondents in England (100 per variable), who were recruited via Prolific. Similar to Labov et al.\u2019s original design, participants rated seven versions of the same news report with varying frequencies of either (ing)- and (t)-variants, you know, like, um or unfilled pauses on a professionalism-scale. Guises were based on one speaker and one text and differed only in the occurrence of a given feature. The survey also assessed whether participants became aware that a respective variable had been manipulated.\n<br \/><br \/>\nOur results indicate different distributions for (ing) and (t) as opposed to the pragmatic markers and speech-planning features. An increase in token numbers of you know, like, um and pauses elicited lower professionalism ratings. This suggests that the monitoring mechanism may be extended to features other than phonological, sociolinguistic variables. In line with Levon &#038; Fox\u2019s (2014) findings for (ing) in the UK, varying frequencies of (ing) and (t)-deletion did not prompt evaluation differences overall. However, participants who realised that (ing) had been manipulated did evaluate guises with more apical variants as less professional. In fact, this response pattern was found across all variables: Respondents\u2019 awareness differed for attitude targets: (t)-deletion was never noticed, (ing) by 9%, followed by unfilled  (31 %), and filled pauses (50%), you know (60%) and like (61%). However, an awareness of the attitude target generally resulted in more negative evaluation and a different distribution of evaluation across different token numbers.\n<br \/><br \/>\nThis study shows that the same experimental setup results in different awareness conditions. It also suggests that participants\u2019 awareness of a variable impacts their evaluation and may explain their (in)sensitivity to frequency differences. Thus, an assessment of participants\u2019 awareness of the attitude target is an indispensable element of future research into the social meanings of variable features.\n<br \/>\n<\/details>\n\n\n\n<details>\n<summary><strong>REFERENCES:<\/strong><\/summary>\nFreitag, Raquel Meister Ko. 2020. Effects of the linguistics processing: palatals in Brazilian Portuguese<br \/>\nand the sociolinguistic monitor. U Penn Working Papers in Linguistics 25(2). 21\u201330.\n<br \/><br \/>\nFruehwald, Josef. 2016. Filled pause choice as a sociolinguistic variable. U. Penn Working Papers in<br \/>\nLinguistics 22, 41-49.\n<br \/><br \/>\nLabov, William, Sharon Ash, Maya Ravindranath, Tracey Weldon, Maciej Baranowski &#038; Naomi Nagy.<br \/>\n2011. Properties of the sociolinguistic monitor. Journal of Sociolinguistics 15(4). 431\u2013463.\n<br \/><br \/>\nLevon, Erez &#038; Isabelle Buchstaller. 2015. Perception, cognition, and linguistic structure: the effect of<br \/>\nlinguistic modularity and cognitive style on sociolinguistic processing. Language Variation and<br \/>\nChange 27. 319\u2013348.\n<br \/><br \/>\nLevon, Erez &#038; Sue Fox. 2014. Social salience and the sociolinguistic monitor: A case study of (ING) and<br \/>\nTH-fronting in Britain. Journal of English Linguistics 42. 185\u2013217.\n<br \/><br \/>\nStecker, Amelia. 2020. Investigations of the sociolinguistic monitor and perceived gender identity. <br \/>\nPenn Working Papers in Linguistics 26(2). 119\u2013128.<br \/><br \/>\nWagner, Suzanne Evans &#038; Ashley Hesson. 2014. Individual sensitivity to the frequency of socially<br \/>\nmeaningful linguistic cues affects language attitudes. Journal of Language and Social<br \/>\nPsychology 33(6). 651\u2013666.\n<br \/>\n<\/details>\n\n\n\n<details>\n<summary><strong>RECENT PUBLICATIONS:<\/strong><\/summary>\n<\/details>\n<\/div><\/div>\n\n\n\n<div class=\"wp-block-media-text is-stacked-on-mobile\" style=\"grid-template-columns:16% auto\"><figure class=\"wp-block-media-text__media\"><img loading=\"lazy\" decoding=\"async\" width=\"523\" height=\"523\" src=\"https:\/\/portal.kre.hu\/dndipvac2024\/wp-content\/uploads\/2023\/09\/dndipvac2024.png\" alt=\"DNDIPVAC2024\" class=\"wp-image-45 size-full\" srcset=\"https:\/\/portal.kre.hu\/dndipvac2024\/wp-content\/uploads\/2023\/09\/dndipvac2024.png 523w, https:\/\/portal.kre.hu\/dndipvac2024\/wp-content\/uploads\/2023\/09\/dndipvac2024-300x300.png 300w, https:\/\/portal.kre.hu\/dndipvac2024\/wp-content\/uploads\/2023\/09\/dndipvac2024-150x150.png 150w\" sizes=\"auto, (max-width: 523px) 100vw, 523px\" \/><\/figure><div class=\"wp-block-media-text__content\">\n<p><b><span style=\"color:black\">NAME:<\/span><\/b><span style=\"color:black\"> Annika Labrenz<\/span><\/p>\n\n\n\n<p><b><span style=\"color:black\">INSTITUTION:<\/span><\/b><span style=\"color:black\"> Humboldt-Universit\u00e4t zu Berlin<\/span><\/p>\n\n\n\n<details>\n<summary><strong>SHORT BIOGRAPHY:<\/strong><\/summary>\n<strong>Annika\u00a0Labrenz<\/strong>\u00a0is a doctoral research fellow in the Research Unit \u201cEmerging Grammars in Language Contact Situations\u201d (<a href=\"https:\/\/www.linguistik.hu-berlin.de\/en\/institut-en\/professuren-en\/rueg\/\" data-auth=\"NotApplicable\" data-linkindex=\"2\">RUEG<\/a>) at Humboldt-Universit\u00e4t zu Berlin. In her research she focuses on register variation, discourse organization, multilingualism, and language contact.\n<\/details>\n\n\n\n<div style=\"height:30px\" aria-hidden=\"true\" class=\"wp-block-spacer\"><\/div>\n\n\n\n<p><b><span style=\"color:black\">TITLE:<\/span><\/b><span style=\"color:black\"> Variability and variation in epistemic stance markers: A corpus study of German stance expressions across situation- and speaker-related factors<\/span><\/p>\n\n\n\n<details>\n<summary><strong>ABSTRACT:<\/strong><\/summary>\nEpistemic stance, as a type of evaluative stance, serves to indicate one&#8217;s degree of certainty about one&#8217;s claims and\/or one&#8217;s source of knowledge (cf. Du Bois 2007, Imo and Ziegler 2022). The marking of epistemic stance in discourse can be realised through a variety of linguistic features (e.g. lexical, prosodic, syntactic structures).<\/p>\n<p>In this paper, I present findings from a corpus study on expressions such as the German <em>ich glaube<\/em>\u00a0(\u2018I believe\u2019), which overtly mark an epistemic stance and have been shown to vary systematically across registers in English (cf. Gray and Biber 2014). In addition to situational variables (formality and mode), I examine the role of age, gender, and type of language acquisition (bilingually vs. monolingually raised) in the use of these markers. Given societal hierarchies, one might expect differences in the use of epistemic stance expressions such that speakers who are in a position that is (historically) set as the norm in the Global North would use less of such overt markers. Consequently, I hypothesise differences in frequency in the following way:\u00a0\u00a0adults &lt; adolescents, male &lt; female, monolingually &lt; bilingually raised.<\/p>\n<p>To test these hypotheses, I conducted a corpus analysis of the German subcorpus of the RUEG corpus (<a href=\"https:\/\/hu.berlin\/rueg-corpus\" data-auth=\"NotApplicable\" data-linkindex=\"3\">https:\/\/hu.berlin\/rueg-corpus<\/a>). The data were elicited using the Language Situations set-up\u00a0(<a href=\"https:\/\/hu.berlin\/LangSit\" data-auth=\"NotApplicable\" data-linkindex=\"4\">https:\/\/hu.berlin\/LangSit<\/a>)\u00a0yielding different communicative situations with regard to (in)formality and mode. Initial analyses focused on specific expressions such as <em>ich glaube<\/em>\u00a0(\u2018I believe\u2019), <em>ich denke <\/em>(\u2018I think\u2019), <em>ich vermute<\/em>\u00a0(\u2018I assume\u2019), <em>ich wei\u00df (nicht)<\/em>\u00a0(\u2018I (do not) know\u2019), either as matrix clauses or as insertions often accompanied by word order inversion.<\/p>\n<p>A linear mixed effect model that takes the individual speaker as random effect shows a highly significant effect of formality and mode on the general use of these evaluative stance markers: In line with Gray and Biber (2014), the model predicts that overt expressions of epistemic stance occur more frequently in informal than in formal situations and in spoken than in written mode. Contrary to my expectations, the sociolinguistic variables of age group, gender, and type of acquisition show no significant effects on their use. The data indicate that individual variation might outweigh group effects.<\/p>\n<p>In sum, the results suggest that the communicative situation and individual preferences may be the main drivers for the use of such epistemic stance markers. In addition to these findings, I intend to present results from future analyses on the potential correlation between the use of epistemic stance expressions and personality traits, and on a larger variety of stance markers, including stance adverbials (e.g. supposedly) which are less overt and thus may show different distributional patterns.\n<br \/>\n<\/details>\n\n\n\n<details>\n<summary><strong>REFERENCES:<\/strong><\/summary>\nDu Bois, John W. (2007). The stance triangle. In: <em>Stancetaking in Discourse<\/em>, ed. by Robert<br \/>Englebretson. Amsterdam: Benjamins, 139\u2013182. <a href=\"https:\/\/doi.org\/10.1075\/pbns.164\" data-auth=\"NotApplicable\" data-linkindex=\"5\">https:\/\/doi.org\/10.1075\/pbns.164<br \/><\/a>Gray B, Biber D. (2014). Stance markers. In: <em>Corpus Pragmatics: A Handbook<\/em>, ed. by Karin Aijmer, Christoph R\u00fchlemann. Cambridge: Cambridge University Press, 219-248. doi:10.1017\/CBO9781139057493.012<br \/>Imo, W. and Ziegler, E. (2022). Migration in the Ruhr Area: Stance-taking and attitude expression in talk-in-interaction. In: <em>Approaches to Migration, Language and Identity<\/em>, ed. by Anita Auer, Jennifer\u00a0Thorburn.\u00a0Oxford: P. Lang, 71-111.\n<br \/>\n<\/details>\n\n\n\n<details>\n<summary><strong>RECENT PUBLICATIONS:<\/strong><\/summary>\nLabrenz, A., Iefremenko, K., Katsika, K., Allen, S. Schroeder, C., Wiese, H. (to appear) Dynamics of discourse markers in language contact.\u00a0In S. Allen, H. Wiese, A. Alexiadou, &amp; M. Keller (eds.), <em>Linguistic dynamics in heritage speakers<\/em>. Language Science Press.<br \/>Labrenz, A. (2023). Functional variation of German <em>also<\/em>\u00a0across registers and speaker groups, <em>Contrastive Pragmatics<\/em>, <em>4<\/em>(2), 289-320. doi: <a href=\"https:\/\/doi.org\/10.1163\/26660393-bja10077\" data-auth=\"NotApplicable\" data-linkindex=\"6\">https:\/\/doi.org\/10.1163\/26660393-bja10077<br \/><\/a>Labrenz, A., Wiese, H., Allen, S., &amp; Pashkova, T. (2022). The three-dot sign in language contact. <em>Pragmatics and Cognition 29(2), 246-271.<\/em>\u00a0doi: <a href=\"https:\/\/doi.org\/10.1075\/pc.21021.lab\" data-auth=\"NotApplicable\" data-linktype=\"external\" data-val=\"https:\/\/doi.org\/10.1075\/pc.21021.lab\" data-linkindex=\"7\">https:\/\/doi.org\/10.1075\/pc.21021.lab<\/a>\n<\/details>\n<\/div><\/div>\n\n\n\n<div class=\"wp-block-media-text is-stacked-on-mobile\" style=\"grid-template-columns:16% auto\"><figure class=\"wp-block-media-text__media\"><img loading=\"lazy\" decoding=\"async\" width=\"523\" height=\"523\" src=\"https:\/\/portal.kre.hu\/dndipvac2024\/wp-content\/uploads\/2023\/09\/dndipvac2024.png\" alt=\"DNDIPVAC2024\" class=\"wp-image-45 size-full\" srcset=\"https:\/\/portal.kre.hu\/dndipvac2024\/wp-content\/uploads\/2023\/09\/dndipvac2024.png 523w, https:\/\/portal.kre.hu\/dndipvac2024\/wp-content\/uploads\/2023\/09\/dndipvac2024-300x300.png 300w, https:\/\/portal.kre.hu\/dndipvac2024\/wp-content\/uploads\/2023\/09\/dndipvac2024-150x150.png 150w\" sizes=\"auto, (max-width: 523px) 100vw, 523px\" \/><\/figure><div class=\"wp-block-media-text__content\">\n<p><b><span style=\"color:black\">NAME:<\/span><\/b><span style=\"color:black\"> Dennis P<\/span>RESTON<\/p>\n\n\n\n<p><b><span style=\"color:black\">INSTITUTION:<\/span><\/b><span style=\"color:black\"> University of Kentucky<\/span><\/p>\n\n\n\n<details>\n<summary><strong>SHORT BIOGRAPHY:<\/strong><\/summary>\n<strong>Dennis R. Preston<\/strong> is Adjunct Professor of Linguistics at the University of Kentucky, Regents Professor Emeritus at Oklahoma State University, where he was was Director of Research on the Dialects of English in Oklahoma and Co-Director of the Center for Oklahoma Studies, and Distinguished Professor Emeritus, Michigan State University; he has been a visiting scholar at Osaka Shoin Women\u2019s College and the Universities of Canterbury (New Zealand), Hawai\u2019i, Arizona, Michigan, Copenhagen, Colorado, Indiana University Southeast, SUNY Oswego, Berkeley, and Chicago, Kentucky, and UC Davis, and UMass Amherst and a Fulbright Researcher in Poland and Brazil. He was Director of the 2003 Linguistic Society of America Institute, President of the American Dialect Society, and has served on the Executive Boards of those societies and others, as well as the editorial boards of numerous journals and panels of granting agencies. He is a member of the advisory committees of several international research projects and is invited frequently for presentations in both academic and popular venues. His work focuses on sociolinguistics and dialectology, including four recent NSF grants, two in folk linguistics and two in language variation and change. His most recent book-length publications are, with Nancy Niedzielski, Folk linguistics (2000), with Daniel Long, A handbook of perceptual dialectology, Volume II (2002), Needed research in American dialects (2003), with Brian Joseph and Carol G. Preston, Linguistic diversity in Michigan and Ohio (2005), with James Stanford, Variation in indigenous languages (2009), with Nancy Niedzielski, A reader in sociophonetics (2010), with Alexei Prikhodkine, Responses to language varieties (2015) and, with Jennifer Cramer, \u201cChanging perceptions of Southernness,\u201d Special double issue of American Speech 93:3&#038;4, Fall-Winter 2018. He is an Erskine Fellow of the University of Canterbury (New Zealand) and a Fellow of the Japan Society for the Promotion of Science and the Linguistic Society of America and was awarded the Officer\u2019s Cross of the Order of Merit of the Polish Republic in 2004.\n<\/details>\n\n\n\n<div style=\"height:30px\" aria-hidden=\"true\" class=\"wp-block-spacer\"><\/div>\n\n\n\n<p><b><span style=\"color:black\">TITLE:<\/span><\/b><span style=\"color:black\"> <\/span>Discourse Change: Not So Fast<\/p>\n\n\n\n<details>\n<summary><strong>ABSTRACT:<\/strong><\/summary>\nThis is a presentation about how speakers do not change discourses over time, particularly their discourses about language. It is a specific examination of the Labovian uniformitarian hypothesis in the context of language attitudes and ideologies as revealed in discourses across time.<br \/>\n\tThis presentation is rooted in several concepts, First, it challenges the assertion that the principal goal of historical sociolinguistics and historical pragmatics is the study of &#8222;language use&#8221; (Auer et al, 2015; Jacobs &#038; Juker 1975). Second, it contests the idea that historical sociolinguistics and pragmatics is &#8222;bad data&#8221; (Nevalianen 1999), a devaluation based on the possibility that what is written may not reflect the actual use of the times. Third, it disregards the related suspicion that what people say about language is subject to an &#8222;observer&#8217;s paradox&#8221; concern in the social psychology of language, one which has resulted in devious attempts acquire speaker&#8217;s &#8222;true thoughts&#8221; (e.g., matched guise experiments, implicit attitude tests, eye-tracking tasks, and even such neural probes as those that reveal event response potentials).<br \/>\n\tThis presentation shows that these mistaken notions are due to limiting language use to production and not meaning and that such meanings are open to semanto\/pragmatic analyses that reveal implicit and presupposed as well as asserted beliefs about and attitudes towards language. In so doing, it shows that the observer&#8217;s\u2019 paradox need not apply and agrees with Weinreich et al (1968) that the &#8222;subjective correlates&#8221; of language must be derived from independent investigation rather than variable language structure itself and that such correlates are one of the essential problems to be solved in the study of language variation and change. <br \/>\n\tThe bulk of this presentation involves the examination of several examples of historical discourses from plays, novels, and other sources by means of semanto-pragmatic analyses that highlight implicit and presupposed notions about language\u2014its subjective correlates. It is not the discovery of semanto-pragmatic uses of earlier times but the use of semanto-pragmatic tools to discover what was meant in the unasserted discourses of the past. Following Potts (2014), the four specific analytic categories used are those of semantic and pragmatic presuppositions and semantic and pragmatic implications.<br \/>\n\tFor example, in Coriolanus, perhaps Shakespeare&#8217;s most language-oriented play, in  a series of comments, Menenius 1) semantically implicates that those trained as soldiers are not educated in refined language, 2) pragmatically implicates that those in the military cannot distinguish between and\/or  control the choice of military and refined language, 3) semantically presupposes the existence of a civilian and military registers, 4) pragmatically implicates that military language is &#8222;rough,&#8221; and 5) pragmatically implicates that &#8222;rough&#8221; language may be insulting. Since none of this is asserted, we must assume that, even if it does not represent Shakespeare&#8217;s own language attitudes and ideologies, it must surely represent those he tacitly assumed would be available to his audience. <br \/>\n\tMore importantly related to the theme of this meeting, exactly such unasserted ideological and attitudinal stances can be found in current English discourses about language, civilians, and soldiers\u2014evidence that, in fact, discourses of these topics have not changed over time.\n\tThat is of course an exaggeration; an examination of the discoursal settings, the contexts, the stances of the interlocutors, and a host of other things linguists know about discourse may shed light on subtle difference in the deployment of attitudinal and ideological stances. This paper asserts, however, that if these subtleties, ones that overcome the objections of bad data and the observer\u2019s paradox, are not sought in current as well as historical discourse, comparable patterns of ideological and attitudinal formation that will allow studies over time, place, and groups and perhaps reveal differences and changes in discourse where they actually occur will go undetected.\n\n\n\n<details>\n<summary><strong>REFERENCES:<\/strong><\/summary>\n<\/details>\n\n\n\n<details>\n<summary><strong>RECENT PUBLICATIONS:<\/strong><\/summary>\nWith Betsy E. Evans. Language regard. In Robert Bayley &#038; Erica Benson (eds.), <em>Needed research in American dialects<\/em>. PADS 2023, 246-267.\nHistorical folk sociolinguistics. <em>Roczniki Humanistyczne<\/em> 71,6:185-201 (Special Issue).<br \/>\nL\u2019\u00e9volution de la linguistique populaire comme domaine d\u2019\u00e9tude. In Linda Becker, Sandra Herling, and Holger Wochele (eds). <em>Manuel de linguistique populaire<\/em>. Berlin: Walter de Gruyter, 63-76.<br \/>\nWith Karen Chavira, Code choice in El Paso: Stable triglossia? In M. Reif, N. Mundt, &#038; F. Polzenhagen (eds), <em>Explorations into linguistics, literature, and culture<\/em>. Berlin: Peter Lang, 371-390.<br \/>\nWith Robert Bayley and Xiaoshi Li (eds). <em>Variation and Second Language Acquisition: Crosslinguistic Perspectives<\/em>. Amsterdam: John Benjamins. Revs: \u00c0lvaro Calero-Pons, Language in Society 52:721-7311 (2023), doi:10.1017\/S0047404523000532<br \/>\nPalatalization: Variation and social meaning. In Gitte Kristiansen, Karlien Franco, Stefano De Pascale, Laura Rosseel and Weiwei Zhang (eds), <em>Cognitive sociolinguistics revisited<\/em> (Volume 48 in the series Applications of Cognitive Linguistics [ACL]). Berlin &#038; New York: De Gruyter Mouton, 339-358.\n<\/details>\n<\/div><\/div>\n\n\n\n<div class=\"wp-block-media-text is-stacked-on-mobile\" style=\"grid-template-columns:16% auto\"><figure class=\"wp-block-media-text__media\"><img loading=\"lazy\" decoding=\"async\" width=\"523\" height=\"523\" src=\"https:\/\/portal.kre.hu\/dndipvac2024\/wp-content\/uploads\/2023\/09\/dndipvac2024.png\" alt=\"DNDIPVAC2024\" class=\"wp-image-45 size-full\" srcset=\"https:\/\/portal.kre.hu\/dndipvac2024\/wp-content\/uploads\/2023\/09\/dndipvac2024.png 523w, https:\/\/portal.kre.hu\/dndipvac2024\/wp-content\/uploads\/2023\/09\/dndipvac2024-300x300.png 300w, https:\/\/portal.kre.hu\/dndipvac2024\/wp-content\/uploads\/2023\/09\/dndipvac2024-150x150.png 150w\" sizes=\"auto, (max-width: 523px) 100vw, 523px\" \/><\/figure><div class=\"wp-block-media-text__content\">\n<p><b><span style=\"color:black\">NAME:<\/span><\/b><span style=\"color:black\"> <\/span>Erik SCHLEEF<\/p>\n\n\n\n<p><b><span style=\"color:black\">INSTITUTION:<\/span><\/b><span style=\"color:black\"> University of Salzburg<\/span><\/p>\n\n\n\n<details>\n<summary><strong>SHORT BIOGRAPHY:<\/strong><\/summary>\nErik Schleef is Professor of English Linguistics at the University of Salzburg, Austria. His research focuses on variation and change in dialects of the British Isles, the acquisition of variation, sociolinguistics and perception, and language and gender in educational settings. He is co-editor of the Routledge Sociolinguistics Reader and co-author of Doing Sociolinguistics: A Practical Guide to Data Collection and Analysis.\n<\/details>\n\n\n\n<div style=\"height:30px\" aria-hidden=\"true\" class=\"wp-block-spacer\"><\/div>\n\n\n\n<p><b><span style=\"color:black\">TITLE:<\/span><\/b><span style=\"color:black\"> <\/span>Awareness and Sociolinguistic Monitoring: Comparing (ing), (t), Like, You Know and Pauses<\/p>\n\n\n\n<details>\n<summary><strong>ABSTRACT:<\/strong><\/summary>\nSociolinguistic monitoring is hypothesised to be a cognitive mechanism that tracks the speech signal for socially meaningful cues of variable features and monitors their frequency (Labov et al. 2011). Ideas about the monitor have been most widely tested in perception \u2013 in form of the matched-guise test in which the frequency of target features is manipulated, e.g. (ing) as -ing or -in. Labov et al. (2011) found speakers to be heard as more unprofessional with increasing numbers of \u2013in. Further work in this paradigm has found listeners\u2019 age (Labov et al. 2011), gender\/sex (Stecker 2020) and pragmatic language ability (Wagner &#038; Hesson 2014) as well as variable type (Levon &#038; Buchstaller 2015) and the variable\u2019s social salience (Levon &#038; Fox 2014) to impact evaluation.\n<br \/><br \/>\nIn this study, we continue exploring the workings of speech monitoring by focusing on the factor of awareness of the attitude target and the type of variable. In particular, we ask whether the evaluation we observe in (ing) and (t)-deletion is similar to the evaluation of speech planning features, e.g. filled and unfilled pauses (see Fruehwald 2016), and the discourse-pragmatic markers you know and like. The study includes 600 respondents in England (100 per variable), who were recruited via Prolific. Similar to Labov et al.\u2019s original design, participants rated seven versions of the same news report with varying frequencies of either (ing)- and (t)-variants, you know, like, um or unfilled pauses on a professionalism-scale. Guises were based on one speaker and one text and differed only in the occurrence of a given feature. The survey also assessed whether participants became aware that a respective variable had been manipulated.\n<br \/><br \/>\nOur results indicate different distributions for (ing) and (t) as opposed to the pragmatic markers and speech-planning features. An increase in token numbers of you know, like, um and pauses elicited lower professionalism ratings. This suggests that the monitoring mechanism may be extended to features other than phonological, sociolinguistic variables. In line with Levon &#038; Fox\u2019s (2014) findings for (ing) in the UK, varying frequencies of (ing) and (t)-deletion did not prompt evaluation differences overall. However, participants who realised that (ing) had been manipulated did evaluate guises with more apical variants as less professional. In fact, this response pattern was found across all variables: Respondents\u2019 awareness differed for attitude targets: (t)-deletion was never noticed, (ing) by 9%, followed by unfilled  (31 %), and filled pauses (50%), you know (60%) and like (61%). However, an awareness of the attitude target generally resulted in more negative evaluation and a different distribution of evaluation across different token numbers.\n<br \/><br \/>\nThis study shows that the same experimental setup results in different awareness conditions. It also suggests that participants\u2019 awareness of a variable impacts their evaluation and may explain their (in)sensitivity to frequency differences. Thus, an assessment of participants\u2019 awareness of the attitude target is an indispensable element of future research into the social meanings of variable features.\n<br \/>\n<\/details>\n\n\n\n<details>\n<summary><strong>REFERENCES:<\/strong><\/summary>\nFreitag, Raquel Meister Ko. 2020. Effects of the linguistics processing: palatals in Brazilian Portuguese and the sociolinguistic monitor. U Penn Working Papers in Linguistics 25(2). 21\u201330.<br \/>\nFruehwald, Josef. 2016. Filled pause choice as a sociolinguistic variable. U. Penn Working Papers in Linguistics 22, 41-49.<br \/>\nLabov, William, Sharon Ash, Maya Ravindranath, Tracey Weldon, Maciej Baranowski &#038; Naomi Nagy. 2011. Properties of the sociolinguistic monitor. Journal of Sociolinguistics 15(4). 431\u2013463.<br \/>\nLevon, Erez &#038; Isabelle Buchstaller. 2015. Perception, cognition, and linguistic structure: the effect of linguistic modularity and cognitive style on sociolinguistic processing. Language Variation and Change 27. 319\u2013348.\nLevon, Erez &#038; Sue Fox. 2014. Social salience and the sociolinguistic monitor: A case study of (ING) and TH-fronting in Britain. Journal of English Linguistics 42. 185\u2013217.<br \/>\nStecker, Amelia. 2020. Investigations of the sociolinguistic monitor and perceived gender identity. U Penn Working Papers in Linguistics 26(2). 119\u2013128.\nWagner, Suzanne Evans &#038; Ashley Hesson. 2014. Individual sensitivity to the frequency of socially meaningful linguistic cues affects language attitudes. Journal of Language and Social Psychology 33(6). 651\u2013666.\n<\/details>\n\n\n\n<details>\n<summary><strong>RECENT PUBLICATIONS:<\/strong><\/summary>\n<\/details>\n<\/div><\/div>\n\n\n\n<div class=\"wp-block-media-text is-stacked-on-mobile\" style=\"grid-template-columns:16% auto\"><figure class=\"wp-block-media-text__media\"><img loading=\"lazy\" decoding=\"async\" width=\"512\" height=\"512\" src=\"https:\/\/portal.kre.hu\/dndipvac2024\/wp-content\/uploads\/2023\/09\/cropped-dndipvac2024.png\" alt=\"\" class=\"wp-image-46 size-full\" srcset=\"https:\/\/portal.kre.hu\/dndipvac2024\/wp-content\/uploads\/2023\/09\/cropped-dndipvac2024.png 512w, https:\/\/portal.kre.hu\/dndipvac2024\/wp-content\/uploads\/2023\/09\/cropped-dndipvac2024-300x300.png 300w, https:\/\/portal.kre.hu\/dndipvac2024\/wp-content\/uploads\/2023\/09\/cropped-dndipvac2024-150x150.png 150w, https:\/\/portal.kre.hu\/dndipvac2024\/wp-content\/uploads\/2023\/09\/cropped-dndipvac2024-270x270.png 270w, https:\/\/portal.kre.hu\/dndipvac2024\/wp-content\/uploads\/2023\/09\/cropped-dndipvac2024-192x192.png 192w, https:\/\/portal.kre.hu\/dndipvac2024\/wp-content\/uploads\/2023\/09\/cropped-dndipvac2024-180x180.png 180w, https:\/\/portal.kre.hu\/dndipvac2024\/wp-content\/uploads\/2023\/09\/cropped-dndipvac2024-32x32.png 32w\" sizes=\"auto, (max-width: 512px) 100vw, 512px\" \/><\/figure><div class=\"wp-block-media-text__content\">\n<p><b><span style=\"color:black\">NAME:<\/span><\/b><span style=\"color:black\"> <\/span>M\u00f3nika VARGA<\/p>\n\n\n\n<p><b><span style=\"color:black\">INSTITUTION:<\/span><\/b><span style=\"color:black\"> HUN-REN Hungarian Research Centre for Linguistics&nbsp;<\/span><\/p>\n\n\n\n<details>\n<summary><strong>SHORT BIOGRAPHY:<\/strong><\/summary>\n<i>M\u00f3nika Varga<\/i> is a Research Fellow at the HUN-REN Hungarian Research Centre for Linguistics. Her field of research is historical linguistics (text linguistics, syntax, morphology) of Hungarian, historical pragmatics of Hungarian registers and building historical corpora.\n<\/details>\n\n\n\n<div style=\"height:30px\" aria-hidden=\"true\" class=\"wp-block-spacer\"><\/div>\n\n\n\n<p><b><span style=\"color:black\">TITLE:<\/span><\/b><span style=\"color:black\"> <\/span>\u201eHorribly friendly\u201d \u2013 Discourse-pragmatic variation and change in Middle Hungarian registers: the case of negative emotive words and intensifiers<\/p>\n\n\n\n<details>\n<summary><strong>ABSTRACT:<\/strong><\/summary>\n<p>The use of negative emotive intensifiers is a socially and culturally embedded pragmatic feature thus lending itself to variation and change. The lexical meaning of negative emotive intensifiers is associated with negative emotions, but they can be used as intensifying elements regardless of the polarity of the target they modify, e.g. awful and awfully good \u2018very good\u2019 (cf. Chang &#038; Shao 2020; Szab\u00f3, Vincze &#038; Bibok 2023). The change involves a process called polarity loss or delexicalization. This occurs when a negative emotive word transforms into an intensifier for another word in a neutral or positive context. Nevertheless, there can be found occurrences of these elements both with and without polarity loss in the same time period or from the same speaker.\n<br \/><br \/>\nAs the historical aspects of delexicalization of negative emotive words in Hungarian remain understudied (with some references available for Modern Hungarian after 1772 in Szab\u00f3, Guba &#038; Szab\u00f3 2022 and for 20th-century and more recent data D\u00e9r 2013), the present study aims to address this gap. It conducts thorough research using corpus data spanning the 16th and the 18th century, building on the Old and Middle Hungarian Corpus of Informal Language Use containing private letters and documents of witch trials and the Middle Hungarian Corpus of Memoirs and Dramas. An inventory specific to this period was outlined in advance, informed by close readings across various registers, listing intensifiers and other attitude markers of the era (e.g. Varga 2022). The comparison of this inventory to those representing later periods reveals remarkable differences, suggesting that polarity loss predominantly occurred more recently. Besides, there is an instance of a change in the opposite direction (from a neutral, or even negative meaning to positive uses).\n<br \/><br \/>\nThe questions of the research are the following: How do the different (evaluative and\/or intensifying) functions of the studied negative emotive words vary in usage? At which stage of development are the different elements in the current period? Preliminary studies suggest that the answers to these questions can largely be text-dependent. For instance, the original\/lexical meaning of the word rettenetes \u2018horrible\u2019 carries a negative connotation. However, instances of its use in a positive context can be traced back to the 17th\u201318th century, as seen in Mikl\u00f3s Bethlen&#8217;s memoir: \u201cBethlen Gergely \u00e9s Mikes Kelemen rettenetes bar\u00e1tosok voltak, mer\u0151 Pilades \u00e9s Orestes\u201d \u2018Gergely Bethlen and Kelemen Mikes were horribly friendly with each other, just like Pilades and Orestes\u2019; in this occurrence, \u2018horrible\u2019 describes a very close friendship. The analysis shows the distribution of the studied elements in negative, neutral and positive contexts in order to describe the stages of delexicalization within the specified period and registers (for more recent data, see D\u00e9r 2013). The boundaries between intensity and polarity are not straightforward in the historical material. When investigating variation and change, both contextual features (such as the target of the given negative emotive word and the role of collocations and co-occurring patterns) and structural factors are considered. One of these structural factors is iconicity, which explores whether the form of negative words influences speakers&#8217; choices; for instance, this includes the distinction between sz\u00f6rny\u0171 &#8216;horrible,&#8217; which can function as both an adjective and an adverb, and sz\u00f6rnyen or sz\u00f6rny\u0171k\u00e9ppen &#8216;horribly,&#8217; specifically marked as an adverb. Given that not all authors in the corpora use negative emotive words as intensifiers, situational and socio-pragmatic characteristics are also to be dealt with (for Salem witch trials cf. Grund 2021 and for Hungarian witchcraft records see Varga 2019). The letters and memoirs provide insights into the usage by individuals of that period.<br \/><br \/>\nTo refine the results, the study examines the role of registers based on four text-types, comparing non-fiction and fiction, dialogues and monologues, as well as speech-based and constructed material.<\/p>\n<\/details>\n\n\n\n<details>\n<summary><strong>REFERENCES:<\/strong><\/summary>\n<ul>\n<li>Chang, Yuxuan &amp; Shao, Bin 2020. Literature Review on Negative Emotive Intensifiers in English. <em>Higher Education of Social Science<\/em>\u00a018: 55\u201359.<\/li>\n<li>D\u00e9r, Csilla 2013. Iszonyatosan\/rettenetesen\/\u0151r\u00fcletesen j\u00f3! A fokoz\u00f3sz\u00f3k grammatikaliz\u00e1ci\u00f3j\u00e1r\u00f3l [Terribly\/awfully\/crazy good! About the grammaticalization of intensifiers]. In Gecs\u0151, Tam\u00e1s &amp; S\u00e1rdi, Csilla (Eds.) <em>Az interkultur\u00e1lis kommunik\u00e1ci\u00f3 elm\u00e9lete \u00e9s gyakorlata<\/em>\u00a0[The theory and practice of intercultural communication] (pp. 71\u201376). Kodol\u00e1nyi J\u00e1nos F\u0151iskola, Tinta.<\/li>\n<li>Grund, Peter J. 2021. \u201cI haue ben most grieviously afflected\u201d. Intensifying experience. <em>Sociopragmatics of stance. Community, language, and the witness depositions from the Salem witch trials<\/em>\u00a0(pp. 113\u2013143). John Benjamins.<\/li>\n<li>Szab\u00f3, Martina Katalin, Guba, Csenge &amp; Szab\u00f3, Krist\u00f3f 2022. Adal\u00e9kok a negat\u00edv emot\u00edv fokoz\u00f3k id\u0151beli szemantikai v\u00e1ltoz\u00e1s\u00e1hoz [Additional data to the historical semantic change of negative emotive intensifiers.] In Forg\u00e1cs, Tam\u00e1s, N\u00e9meth, Mikl\u00f3s &amp; Sinkovics Bal\u00e1zs (Eds.) <em>A nyelvt\u00f6rt\u00e9neti kutat\u00e1sok \u00fajabb eredm\u00e9nyei XI.<\/em>\u00a0[Recent results of the historical linguistic research] (pp. 387\u2013402). SZTE BTK Magyar Nyelv\u00e9szeti Tansz\u00e9k.<\/li>\n<li>Szab\u00f3, Martina Katalin, Vincze, Veronika &amp; Bibok, K\u00e1roly 2023. \u201cThank you for the terrific party!\u201d \u2013 An analysis of Hungarian negative emotive words<em>. Corpus Linguistics and Linguistic Theory<\/em>\u00a019(3): 451\u2013485.<\/li>\n<li>Varga, M\u00f3nika 2019. <em>Elv\u00e1ltoz\u00e9k csodak\u00e9ppen<\/em>\u00a0\u2013 Kommunik\u00e1ci\u00f3r\u00f3l \u00e9s \u00edr\u00e1sr\u00f3l boszork\u00e1nyperekben. [Discourse representation and communication in witchcraft records.]\u00a0In Haader, Lea et al. (Eds.) <em>Forr\u00e1skutat\u00e1s, forr\u00e1skiad\u00e1s, tudom\u00e1nyt\u00f6rt\u00e9net <\/em>[Research and Publishing of Source Materials and the History of Science]III. (pp. 340\u201354). MNyT, ELTE MNyFI.<\/li>\n<li>Varga, M\u00f3nika 2022. Pragmatikai markerekr\u0151l 18. sz\u00e1zadi regiszterekben: \u00f6sszehasonl\u00edt\u00f3 elemz\u00e9s. [On pragmatic markers in 18<sup>th<\/sup>\u00a0century registers: a comparison.] In Forg\u00e1cs, Tam\u00e1s, N\u00e9meth, Mikl\u00f3s &amp; Sinkovics, Bal\u00e1zs (Eds.) <em>A nyelvt\u00f6rt\u00e9neti kutat\u00e1sok \u00fajabb eredm\u00e9nyei XI.<\/em>\u00a0[Recent results of the historical linguistic research] (pp. 431\u2013445.) SZTE BTK Magyar Nyelv\u00e9szeti Tansz\u00e9k.<\/li>\n<\/ul>\n<\/details>\n\n\n\n<details>\n<summary><strong>RECENT PUBLICATIONS:<\/strong><\/summary>\n<ul>\n<li>Varga, M\u00f3nika 2023. <a href=\"https:\/\/m2.mtmt.hu\/gui2\/?mode=browse&amp;params=publication;34178538\" data-auth=\"NotApplicable\" data-linkindex=\"3\">Pragmatikai markerek terjed\u00e9s\u00e9r\u0151l k\u00f6z\u00e9pmagyar regiszterekben<\/a> [On the diffusion of pragmatic markers in Middle Hungarian registers] In: Cser, Andr\u00e1s; Nemesi, Attila L\u00e1szl\u00f3 (eds.) <a href=\"https:\/\/m2.mtmt.hu\/gui2\/?mode=browse&amp;params=publication;34176354\" data-auth=\"NotApplicable\" data-linkindex=\"4\">Nyelvelm\u00e9let \u00e9s diakr\u00f3nia 5.<\/a>\u00a0[Linguistic theory and diachrony] Budapest: P\u00e1zm\u00e1ny P\u00e9ter Katolikus Egyetem B\u00f6lcs\u00e9szet- \u00e9s T\u00e1rsadalomtudom\u00e1nyi Kar. 211-252.<\/li>\n<li>Varga, M\u00f3nika 2023.\u00a0Lejegyz\u00e9smint\u00e1zatok \u00e9s -v\u00e1ltozatok boszork\u00e1nyperes tan\u00fakihallgat\u00e1si k\u00e9ziratok alapj\u00e1n. [Patterns and variants of recording based on manuscripts of witness depositions of witch trials] In: Boros, Istv\u00e1n; Tak\u00e1cs, L\u00e1szl\u00f3 (eds.) <a href=\"https:\/\/m2.mtmt.hu\/gui2\/?mode=browse&amp;params=publication;34064126\" data-auth=\"NotApplicable\" data-linkindex=\"5\">Aut lego vel scribo.<\/a>\u00a0Budapest: Szent Istv\u00e1n T\u00e1rsulat, B\u00f6lcs\u00e9szettudom\u00e1nyi Kutat\u00f3k\u00f6zpont, Moravcsik Gyula Int\u00e9zet. 213-232.<\/li>\n<li>Varga, M\u00f3nika 2023. <a href=\"https:\/\/m2.mtmt.hu\/gui2\/?mode=browse&amp;params=publication;34081403\" data-auth=\"NotApplicable\" data-linkindex=\"6\">Jobb, ink\u00e1bb csak engedj\u00fck el \u2013 Az ink\u00e1bb, a jobban \u00e9s a jobb funkci\u00f3ir\u00f3l \u00e9s vari\u00e1ci\u00f3j\u00e1r\u00f3l k\u00f6z\u00e9pmagyar regiszterekben<\/a>\u00a0[<em>Better, rather just let it go<\/em>\u00a0&#8211; On the functions and variation of <em>ink\u00e1bb, jobban <\/em>and <em>jobb <\/em>in Middle Hungarian registers]. ARGUMENTUM 19: 124-155.\u00a0<\/li>\n<li>Varga, M\u00f3nika 2022. <a href=\"https:\/\/m2.mtmt.hu\/gui2\/?mode=browse&amp;params=publication;33661159\" data-auth=\"NotApplicable\" data-linkindex=\"7\">Boszork\u00e1nyos lelem\u00e9nyek: 18. sz\u00e1zadi tan\u00favallom\u00e1s-k\u00e9ziratok \u00edr\u00e1sos, lejegyz\u0151i, valamint nyelvj\u00e1r\u00e1s-t\u00f6rt\u00e9neti kontextusa<\/a>\u00a0[The scribal and dialectal context of Hungarian witness depositions\u2019 manuscripts from 18th century witchcraft records] NYELVTUDOM\u00c1NYI K\u00d6ZLEM\u00c9NYEK 118: 209-230.\u00a0<\/li>\n<li>Varga, M\u00f3nika 2022. <a href=\"https:\/\/m2.mtmt.hu\/gui2\/?mode=browse&amp;params=publication;33530444\" data-auth=\"NotApplicable\" data-linkindex=\"8\">Kommunik\u00e1ci\u00f3 \u00e9s sz\u00f6vegform\u00e1l\u00e1s boszork\u00e1nyperekben.<\/a>\u00a0[Communication and text formation in witch trials.] Budapest: Sz\u00e9pirodalmi Figyel\u0151 Alap\u00edtv\u00e1ny.\u00a0\u00a0<\/li>\n<li>Varga, M\u00f3nika 2022. Pragmatikai markerekr\u0151l 18. sz\u00e1zadi regiszterekben: \u00f6sszehasonl\u00edt\u00f3 elemz\u00e9s. [On pragmatic markers in 18<sup>th<\/sup>\u00a0century registers: a comparison.] In Forg\u00e1cs, Tam\u00e1s; N\u00e9meth, Mikl\u00f3s; Sinkovics, Bal\u00e1zs (eds.) <em>A nyelvt\u00f6rt\u00e9neti kutat\u00e1sok \u00fajabb eredm\u00e9nyei XI.<\/em>\u00a0[Recent results of the historical linguistic research] Szeged: SZTE BTK Magyar Nyelv\u00e9szeti Tansz\u00e9k. 431\u2013445.<\/li>\n<li>Varga, M\u00f3nika 2022. <a href=\"https:\/\/m2.mtmt.hu\/gui2\/?mode=browse&amp;params=publication;33202864\" data-auth=\"NotApplicable\" data-linkindex=\"9\">\u201eAlkalmas ideig gy\u00f6t\u00f6rte\u201d: Pragmatikai markerek funkci\u00f3inak alakul\u00e1s\u00e1r\u00f3l 16\u201318. sz\u00e1zadi regiszterekben<\/a>. [\u201eTortured for a suitable time\u201d. On changes of functions of pragmatic markers in 16\u201318<sup>th<\/sup>\u00a0century registers] JELENT\u00c9S \u00c9S NYELVHASZN\u00c1LAT 9: 133-153.<\/li>\n<\/ul>\n<\/details>\n<\/div><\/div>\n","protected":false},"excerpt":{"rendered":"<p>Abstracts Plenary Talks Regular Talks<\/p>\n","protected":false},"author":1,"featured_media":186,"parent":0,"menu_order":0,"comment_status":"closed","ping_status":"closed","template":"","meta":{"footnotes":""},"class_list":["post-37","page","type-page","status-publish","hentry"],"_links":{"self":[{"href":"https:\/\/portal.kre.hu\/dndipvac2024\/index.php\/wp-json\/wp\/v2\/pages\/37","targetHints":{"allow":["GET"]}}],"collection":[{"href":"https:\/\/portal.kre.hu\/dndipvac2024\/index.php\/wp-json\/wp\/v2\/pages"}],"about":[{"href":"https:\/\/portal.kre.hu\/dndipvac2024\/index.php\/wp-json\/wp\/v2\/types\/page"}],"author":[{"embeddable":true,"href":"https:\/\/portal.kre.hu\/dndipvac2024\/index.php\/wp-json\/wp\/v2\/users\/1"}],"replies":[{"embeddable":true,"href":"https:\/\/portal.kre.hu\/dndipvac2024\/index.php\/wp-json\/wp\/v2\/comments?post=37"}],"version-history":[{"count":90,"href":"https:\/\/portal.kre.hu\/dndipvac2024\/index.php\/wp-json\/wp\/v2\/pages\/37\/revisions"}],"predecessor-version":[{"id":433,"href":"https:\/\/portal.kre.hu\/dndipvac2024\/index.php\/wp-json\/wp\/v2\/pages\/37\/revisions\/433"}],"wp:featuredmedia":[{"embeddable":true,"href":"https:\/\/portal.kre.hu\/dndipvac2024\/index.php\/wp-json\/wp\/v2\/media\/186"}],"wp:attachment":[{"href":"https:\/\/portal.kre.hu\/dndipvac2024\/index.php\/wp-json\/wp\/v2\/media?parent=37"}],"curies":[{"name":"wp","href":"https:\/\/api.w.org\/{rel}","templated":true}]}}